{"id":38752,"date":"2025-07-09T07:51:50","date_gmt":"2025-07-09T06:51:50","guid":{"rendered":"https:\/\/asisted.org\/associacio\/la-nostra-historia\/"},"modified":"2026-03-09T10:10:53","modified_gmt":"2026-03-09T09:10:53","slug":"la-nostra-historia","status":"publish","type":"page","link":"https:\/\/asisted.org\/ca\/associacio\/la-nostra-historia\/","title":{"rendered":"La nostra hist\u00f2ria"},"content":{"rendered":"\t\t<div data-elementor-type=\"wp-page\" data-elementor-id=\"38752\" class=\"elementor elementor-38752 elementor-1395\" data-elementor-post-type=\"page\">\n\t\t\t\t<div class=\"elementor-element elementor-element-571f43b e-flex e-con-boxed e-con e-parent\" data-id=\"571f43b\" data-element_type=\"container\" data-e-type=\"container\">\n\t\t\t\t\t<div class=\"e-con-inner\">\n\t\t<div class=\"elementor-element elementor-element-f3f2d07 e-con-full e-flex e-con e-child\" data-id=\"f3f2d07\" data-element_type=\"container\" data-e-type=\"container\">\n\t\t\t\t<div class=\"elementor-element elementor-element-009bad4 elementor-invisible elementor-widget elementor-widget-heading\" data-id=\"009bad4\" data-element_type=\"widget\" data-e-type=\"widget\" data-settings=\"{&quot;_animation&quot;:&quot;fadeIn&quot;}\" data-widget_type=\"heading.default\">\n\t\t\t\t\t<h1 class=\"elementor-heading-title elementor-size-default\">La nostra hist\u00f2ria<\/h1>\t\t\t\t<\/div>\n\t\t\t\t<\/div>\n\t\t\t\t\t<\/div>\n\t\t\t\t<\/div>\n\t\t<div class=\"elementor-element elementor-element-0686560 e-flex e-con-boxed e-con e-parent\" data-id=\"0686560\" data-element_type=\"container\" data-e-type=\"container\">\n\t\t\t\t\t<div class=\"e-con-inner\">\n\t\t<div class=\"elementor-element elementor-element-a098786 e-flex e-con-boxed e-con e-child\" data-id=\"a098786\" data-element_type=\"container\" data-e-type=\"container\" data-settings=\"{&quot;background_background&quot;:&quot;classic&quot;}\">\n\t\t\t\t\t<div class=\"e-con-inner\">\n\t\t<div class=\"elementor-element elementor-element-d4739b5 e-con-full e-flex e-con e-child\" data-id=\"d4739b5\" data-element_type=\"container\" data-e-type=\"container\">\n\t\t\t\t<div class=\"elementor-element elementor-element-cef062a elementor-invisible elementor-widget elementor-widget-text-editor\" data-id=\"cef062a\" data-element_type=\"widget\" data-e-type=\"widget\" data-settings=\"{&quot;_animation&quot;:&quot;fadeIn&quot;}\" data-widget_type=\"text-editor.default\">\n\t\t\t\t\t\t\t\t\t<p>Fa 45 anys vaig prendre una decisi\u00f3, o potser va ser el cam\u00ed qui em va triar a mi. Des de llavors, he dedicat la meva vida a alguna cosa que va molt m\u00e9s enll\u00e0 d\u2019una professi\u00f3: acompanyar, cuidar i transformar la vida de les persones que ens necessiten.<\/p><p>En aquest recorregut he conegut hist\u00f2ries de lluita, de superaci\u00f3 i d\u2019amor incondicional. He vist com un gest de cura pot marcar la difer\u00e8ncia i com, malgrat els reptes, quan treballem junts, som capa\u00e7os de generar un impacte real en la vida de les persones i les seves fam\u00edlies.<\/p><p>Avui em sento afortunat de seguir aqu\u00ed, al capdavant d\u2019una entitat que ha crescut amb els anys sense perdre la seva ess\u00e8ncia.<\/p>\t\t\t\t\t\t\t\t<\/div>\n\t\t\t\t<div class=\"elementor-element elementor-element-0d439c9 elementor-widget elementor-widget-heading\" data-id=\"0d439c9\" data-element_type=\"widget\" data-e-type=\"widget\" data-widget_type=\"heading.default\">\n\t\t\t\t\t<span class=\"elementor-heading-title elementor-size-default\">Gabriel Calzado<\/span>\t\t\t\t<\/div>\n\t\t\t\t<div class=\"elementor-element elementor-element-6060758 elementor-widget elementor-widget-heading\" data-id=\"6060758\" data-element_type=\"widget\" data-e-type=\"widget\" data-widget_type=\"heading.default\">\n\t\t\t\t\t<span class=\"elementor-heading-title elementor-size-default\">President i Fundador d\u2019ASISTED<\/span>\t\t\t\t<\/div>\n\t\t\t\t<\/div>\n\t\t<div class=\"elementor-element elementor-element-314f560 e-con-full e-flex e-con e-child\" data-id=\"314f560\" data-element_type=\"container\" data-e-type=\"container\" data-settings=\"{&quot;background_background&quot;:&quot;classic&quot;}\">\n\t\t\t\t<\/div>\n\t\t\t\t\t<\/div>\n\t\t\t\t<\/div>\n\t\t\t\t\t<\/div>\n\t\t\t\t<\/div>\n\t\t<div class=\"elementor-element elementor-element-4519738 e-flex e-con-boxed e-con e-parent\" data-id=\"4519738\" data-element_type=\"container\" data-e-type=\"container\">\n\t\t\t\t\t<div class=\"e-con-inner\">\n\t\t<div class=\"elementor-element elementor-element-4f14283 e-con-full e-flex e-con e-child\" data-id=\"4f14283\" data-element_type=\"container\" data-e-type=\"container\">\n\t\t\t\t<div class=\"elementor-element elementor-element-e63b0bb elementor-invisible elementor-widget elementor-widget-text-editor\" data-id=\"e63b0bb\" data-element_type=\"widget\" data-e-type=\"widget\" data-settings=\"{&quot;_animation&quot;:&quot;fadeIn&quot;}\" data-widget_type=\"text-editor.default\">\n\t\t\t\t\t\t\t\t\t<p><strong>ASISTED <\/strong>\u00e9s una entitat social sense \u00e0nim de lucre que neix amb una vocaci\u00f3 clara: <strong>estar al costat de les persones que necessiten suport en la seva vida di\u00e0ria, cuidant des de la proximitat, la responsabilitat i el comprom\u00eds.<\/strong><\/p>\t\t\t\t\t\t\t\t<\/div>\n\t\t\t\t<div class=\"elementor-element elementor-element-cb979f4 elementor-invisible elementor-widget elementor-widget-text-editor\" data-id=\"cb979f4\" data-element_type=\"widget\" data-e-type=\"widget\" data-settings=\"{&quot;_animation&quot;:&quot;fadeIn&quot;}\" data-widget_type=\"text-editor.default\">\n\t\t\t\t\t\t\t\t\t<p>El que va comen\u00e7ar el 1978 com una iniciativa altruista impulsada per un grup d\u2019estudiants de medicina, ha evolucionat fins a convertir-se en una organitzaci\u00f3 de refer\u00e8ncia en l\u2019\u00e0mbit dels <strong>serveis assistencials<\/strong>. Avui, acompanyem persones en situaci\u00f3 de vulnerabilitat, depend\u00e8ncia i\/o amb discapacitat, adaptant-nos a cada realitat amb un model d\u2019atenci\u00f3 integral i professional.<\/p><p>Ens defineix una doble vocaci\u00f3: <strong>millorar la qualitat de vida de les persones que atenem i contribuir al reconeixement de les persones cuidadores.<\/strong><\/p><p>Perqu\u00e8 cuidar \u00e9s acompanyar, escoltar, comprendre i construir vincles.<\/p>\t\t\t\t\t\t\t\t<\/div>\n\t\t\t\t<\/div>\n\t\t\t\t\t<\/div>\n\t\t\t\t<\/div>\n\t\t<div class=\"elementor-element elementor-element-74ae572 e-flex e-con-boxed e-con e-parent\" data-id=\"74ae572\" data-element_type=\"container\" data-e-type=\"container\">\n\t\t\t\t\t<div class=\"e-con-inner\">\n\t\t<div class=\"elementor-element elementor-element-e94ac4e e-con-full e-flex e-con e-child\" data-id=\"e94ac4e\" data-element_type=\"container\" data-e-type=\"container\" data-settings=\"{&quot;background_background&quot;:&quot;classic&quot;}\">\n\t\t\t\t<div class=\"elementor-element elementor-element-0900154 elementor-invisible elementor-widget elementor-widget-heading\" data-id=\"0900154\" data-element_type=\"widget\" data-e-type=\"widget\" data-settings=\"{&quot;_animation&quot;:&quot;fadeIn&quot;}\" data-widget_type=\"heading.default\">\n\t\t\t\t\t<h3 class=\"elementor-heading-title elementor-size-default\">Missi\u00f3<\/h3>\t\t\t\t<\/div>\n\t\t\t\t<div class=\"elementor-element elementor-element-c42ebf5 elementor-invisible elementor-widget elementor-widget-text-editor\" data-id=\"c42ebf5\" data-element_type=\"widget\" data-e-type=\"widget\" data-settings=\"{&quot;_animation&quot;:&quot;fadeIn&quot;}\" data-widget_type=\"text-editor.default\">\n\t\t\t\t\t\t\t\t\t<p>Oferir cures i acompanyament en l\u2019entorn domiciliari a persones grans, amb depend\u00e8ncia i\/o diversitat funcional, amb l\u2019objectiu de millorar la seva qualitat de vida i afavorir una vida aut\u00f2noma i digna, proporcionant un servei personalitzat que respongui a les seves necessitats personals i que promogui la seva inclusi\u00f3 a la comunitat.<\/p>\t\t\t\t\t\t\t\t<\/div>\n\t\t\t\t<\/div>\n\t\t<div class=\"elementor-element elementor-element-02caa53 e-con-full e-flex e-con e-child\" data-id=\"02caa53\" data-element_type=\"container\" data-e-type=\"container\" data-settings=\"{&quot;background_background&quot;:&quot;classic&quot;}\">\n\t\t\t\t<div class=\"elementor-element elementor-element-981d3ab elementor-invisible elementor-widget elementor-widget-heading\" data-id=\"981d3ab\" data-element_type=\"widget\" data-e-type=\"widget\" data-settings=\"{&quot;_animation&quot;:&quot;fadeIn&quot;}\" data-widget_type=\"heading.default\">\n\t\t\t\t\t<h3 class=\"elementor-heading-title elementor-size-default\">Visi\u00f3<\/h3>\t\t\t\t<\/div>\n\t\t\t\t<div class=\"elementor-element elementor-element-33494eb elementor-invisible elementor-widget elementor-widget-text-editor\" data-id=\"33494eb\" data-element_type=\"widget\" data-e-type=\"widget\" data-settings=\"{&quot;_animation&quot;:&quot;fadeIn&quot;}\" data-widget_type=\"text-editor.default\">\n\t\t\t\t\t\t\t\t\t<p>Proporcionar serveis assistencials integrals de qualitat i econ\u00f2micament sostenibles, per a persones en situaci\u00f3 de depend\u00e8ncia, sent l&#8217;entitat social de refer\u00e8ncia \u00e9s en aquest \u00e0mbit.<\/p>\t\t\t\t\t\t\t\t<\/div>\n\t\t\t\t<\/div>\n\t\t<div class=\"elementor-element elementor-element-0da85b9 e-con-full e-flex e-con e-child\" data-id=\"0da85b9\" data-element_type=\"container\" data-e-type=\"container\" data-settings=\"{&quot;background_background&quot;:&quot;classic&quot;}\">\n\t\t\t\t<div class=\"elementor-element elementor-element-cbd8e12 elementor-invisible elementor-widget elementor-widget-heading\" data-id=\"cbd8e12\" data-element_type=\"widget\" data-e-type=\"widget\" data-settings=\"{&quot;_animation&quot;:&quot;fadeIn&quot;}\" data-widget_type=\"heading.default\">\n\t\t\t\t\t<h3 class=\"elementor-heading-title elementor-size-default\">Els nostres valors<\/h3>\t\t\t\t<\/div>\n\t\t<div class=\"elementor-element elementor-element-a6ed110 e-con-full e-flex e-con e-child\" data-id=\"a6ed110\" data-element_type=\"container\" data-e-type=\"container\">\n\t\t\t\t<div class=\"elementor-element elementor-element-029e178 elementor-widget__width-initial elementor-widget-mobile__width-inherit elementor-icon-list--layout-traditional elementor-list-item-link-full_width elementor-widget elementor-widget-icon-list\" data-id=\"029e178\" data-element_type=\"widget\" data-e-type=\"widget\" data-widget_type=\"icon-list.default\">\n\t\t\t\t\t\t\t<ul class=\"elementor-icon-list-items\">\n\t\t\t\t\t\t\t<li class=\"elementor-icon-list-item\">\n\t\t\t\t\t\t\t\t\t\t<span class=\"elementor-icon-list-text\"><b>Valors socials:<\/b><\/span>\n\t\t\t\t\t\t\t\t\t<\/li>\n\t\t\t\t\t\t\t\t<li class=\"elementor-icon-list-item\">\n\t\t\t\t\t\t\t\t\t\t\t<span class=\"elementor-icon-list-icon\">\n\t\t\t\t\t\t\t<svg aria-hidden=\"true\" class=\"e-font-icon-svg e-fas-circle\" viewBox=\"0 0 512 512\" xmlns=\"http:\/\/www.w3.org\/2000\/svg\"><path d=\"M256 8C119 8 8 119 8 256s111 248 248 248 248-111 248-248S393 8 256 8z\"><\/path><\/svg>\t\t\t\t\t\t<\/span>\n\t\t\t\t\t\t\t\t\t\t<span class=\"elementor-icon-list-text\">Responsabilitat amb la comunitat i l'entorn.<\/span>\n\t\t\t\t\t\t\t\t\t<\/li>\n\t\t\t\t\t\t\t\t<li class=\"elementor-icon-list-item\">\n\t\t\t\t\t\t\t\t\t\t\t<span class=\"elementor-icon-list-icon\">\n\t\t\t\t\t\t\t<svg aria-hidden=\"true\" class=\"e-font-icon-svg e-fas-circle\" viewBox=\"0 0 512 512\" xmlns=\"http:\/\/www.w3.org\/2000\/svg\"><path d=\"M256 8C119 8 8 119 8 256s111 248 248 248 248-111 248-248S393 8 256 8z\"><\/path><\/svg>\t\t\t\t\t\t<\/span>\n\t\t\t\t\t\t\t\t\t\t<span class=\"elementor-icon-list-text\">Solidaritat envers els altres, ajuda m\u00fatua.<\/span>\n\t\t\t\t\t\t\t\t\t<\/li>\n\t\t\t\t\t\t<\/ul>\n\t\t\t\t\t\t<\/div>\n\t\t\t\t<div class=\"elementor-element elementor-element-844a0ec elementor-icon-list--layout-traditional elementor-list-item-link-full_width elementor-widget elementor-widget-icon-list\" data-id=\"844a0ec\" data-element_type=\"widget\" data-e-type=\"widget\" data-widget_type=\"icon-list.default\">\n\t\t\t\t\t\t\t<ul class=\"elementor-icon-list-items\">\n\t\t\t\t\t\t\t<li class=\"elementor-icon-list-item\">\n\t\t\t\t\t\t\t\t\t\t<span class=\"elementor-icon-list-text\"><b>Valors a les din\u00e0miques de treball:<\/b><\/span>\n\t\t\t\t\t\t\t\t\t<\/li>\n\t\t\t\t\t\t\t\t<li class=\"elementor-icon-list-item\">\n\t\t\t\t\t\t\t\t\t\t\t<span class=\"elementor-icon-list-icon\">\n\t\t\t\t\t\t\t<svg aria-hidden=\"true\" class=\"e-font-icon-svg e-fas-circle\" viewBox=\"0 0 512 512\" xmlns=\"http:\/\/www.w3.org\/2000\/svg\"><path d=\"M256 8C119 8 8 119 8 256s111 248 248 248 248-111 248-248S393 8 256 8z\"><\/path><\/svg>\t\t\t\t\t\t<\/span>\n\t\t\t\t\t\t\t\t\t\t<span class=\"elementor-icon-list-text\">Formaci\u00f3 cont\u00ednua per adequar els coneixements dels professionals a les necessitats de les persones.<\/span>\n\t\t\t\t\t\t\t\t\t<\/li>\n\t\t\t\t\t\t\t\t<li class=\"elementor-icon-list-item\">\n\t\t\t\t\t\t\t\t\t\t\t<span class=\"elementor-icon-list-icon\">\n\t\t\t\t\t\t\t<svg aria-hidden=\"true\" class=\"e-font-icon-svg e-fas-circle\" viewBox=\"0 0 512 512\" xmlns=\"http:\/\/www.w3.org\/2000\/svg\"><path d=\"M256 8C119 8 8 119 8 256s111 248 248 248 248-111 248-248S393 8 256 8z\"><\/path><\/svg>\t\t\t\t\t\t<\/span>\n\t\t\t\t\t\t\t\t\t\t<span class=\"elementor-icon-list-text\">Professionalitat mitjan\u00e7ant serveis de qualitat amb personal professional i capacitat, comprom\u00e8s i amb mirada \u00e8tica.<\/span>\n\t\t\t\t\t\t\t\t\t<\/li>\n\t\t\t\t\t\t\t\t<li class=\"elementor-icon-list-item\">\n\t\t\t\t\t\t\t\t\t\t\t<span class=\"elementor-icon-list-icon\">\n\t\t\t\t\t\t\t<svg aria-hidden=\"true\" class=\"e-font-icon-svg e-fas-circle\" viewBox=\"0 0 512 512\" xmlns=\"http:\/\/www.w3.org\/2000\/svg\"><path d=\"M256 8C119 8 8 119 8 256s111 248 248 248 248-111 248-248S393 8 256 8z\"><\/path><\/svg>\t\t\t\t\t\t<\/span>\n\t\t\t\t\t\t\t\t\t\t<span class=\"elementor-icon-list-text\">Innovaci\u00f3 i millora en l\u2019atenci\u00f3 a la persona.<\/span>\n\t\t\t\t\t\t\t\t\t<\/li>\n\t\t\t\t\t\t\t\t<li class=\"elementor-icon-list-item\">\n\t\t\t\t\t\t\t\t\t\t\t<span class=\"elementor-icon-list-icon\">\n\t\t\t\t\t\t\t<svg aria-hidden=\"true\" class=\"e-font-icon-svg e-fas-circle\" viewBox=\"0 0 512 512\" xmlns=\"http:\/\/www.w3.org\/2000\/svg\"><path d=\"M256 8C119 8 8 119 8 256s111 248 248 248 248-111 248-248S393 8 256 8z\"><\/path><\/svg>\t\t\t\t\t\t<\/span>\n\t\t\t\t\t\t\t\t\t\t<span class=\"elementor-icon-list-text\">Treball en equip que promogui i fomenti una comunicaci\u00f3 efectiva i la cooperaci\u00f3 entre els diversos professionals que intervenen en l\u2019atenci\u00f3 domicili\u00e0ria.<\/span>\n\t\t\t\t\t\t\t\t\t<\/li>\n\t\t\t\t\t\t<\/ul>\n\t\t\t\t\t\t<\/div>\n\t\t\t\t<div class=\"elementor-element elementor-element-69184cc elementor-icon-list--layout-traditional elementor-list-item-link-full_width elementor-widget elementor-widget-icon-list\" data-id=\"69184cc\" data-element_type=\"widget\" data-e-type=\"widget\" data-widget_type=\"icon-list.default\">\n\t\t\t\t\t\t\t<ul class=\"elementor-icon-list-items\">\n\t\t\t\t\t\t\t<li class=\"elementor-icon-list-item\">\n\t\t\t\t\t\t\t\t\t\t<span class=\"elementor-icon-list-text\"><b>Valors al servei de les persones:<\/b><\/span>\n\t\t\t\t\t\t\t\t\t<\/li>\n\t\t\t\t\t\t\t\t<li class=\"elementor-icon-list-item\">\n\t\t\t\t\t\t\t\t\t\t\t<span class=\"elementor-icon-list-icon\">\n\t\t\t\t\t\t\t<svg aria-hidden=\"true\" class=\"e-font-icon-svg e-fas-circle\" viewBox=\"0 0 512 512\" xmlns=\"http:\/\/www.w3.org\/2000\/svg\"><path d=\"M256 8C119 8 8 119 8 256s111 248 248 248 248-111 248-248S393 8 256 8z\"><\/path><\/svg>\t\t\t\t\t\t<\/span>\n\t\t\t\t\t\t\t\t\t\t<span class=\"elementor-icon-list-text\">Respecte: valorar i respectar la individualitat, l\u2019autonomia i les decisions de cada persona, aix\u00ed com els seus valors, promovent una atenci\u00f3 digna.<\/span>\n\t\t\t\t\t\t\t\t\t<\/li>\n\t\t\t\t\t\t\t\t<li class=\"elementor-icon-list-item\">\n\t\t\t\t\t\t\t\t\t\t\t<span class=\"elementor-icon-list-icon\">\n\t\t\t\t\t\t\t<svg aria-hidden=\"true\" class=\"e-font-icon-svg e-fas-circle\" viewBox=\"0 0 512 512\" xmlns=\"http:\/\/www.w3.org\/2000\/svg\"><path d=\"M256 8C119 8 8 119 8 256s111 248 248 248 248-111 248-248S393 8 256 8z\"><\/path><\/svg>\t\t\t\t\t\t<\/span>\n\t\t\t\t\t\t\t\t\t\t<span class=\"elementor-icon-list-text\">Bondat, toler\u00e0ncia i generositat envers les persones i les cuidadores.<\/span>\n\t\t\t\t\t\t\t\t\t<\/li>\n\t\t\t\t\t\t\t\t<li class=\"elementor-icon-list-item\">\n\t\t\t\t\t\t\t\t\t\t\t<span class=\"elementor-icon-list-icon\">\n\t\t\t\t\t\t\t<svg aria-hidden=\"true\" class=\"e-font-icon-svg e-fas-circle\" viewBox=\"0 0 512 512\" xmlns=\"http:\/\/www.w3.org\/2000\/svg\"><path d=\"M256 8C119 8 8 119 8 256s111 248 248 248 248-111 248-248S393 8 256 8z\"><\/path><\/svg>\t\t\t\t\t\t<\/span>\n\t\t\t\t\t\t\t\t\t\t<span class=\"elementor-icon-list-text\">Empatia: actitud comprensiva, emp\u00e0tica i sensible a les necessitats de les persones.<\/span>\n\t\t\t\t\t\t\t\t\t<\/li>\n\t\t\t\t\t\t\t\t<li class=\"elementor-icon-list-item\">\n\t\t\t\t\t\t\t\t\t\t\t<span class=\"elementor-icon-list-icon\">\n\t\t\t\t\t\t\t<svg aria-hidden=\"true\" class=\"e-font-icon-svg e-fas-circle\" viewBox=\"0 0 512 512\" xmlns=\"http:\/\/www.w3.org\/2000\/svg\"><path d=\"M256 8C119 8 8 119 8 256s111 248 248 248 248-111 248-248S393 8 256 8z\"><\/path><\/svg>\t\t\t\t\t\t<\/span>\n\t\t\t\t\t\t\t\t\t\t<span class=\"elementor-icon-list-text\">Qualitat: serveis en l\u2019entorn domiciliari que compleixin els est\u00e0ndards de seguretat, efic\u00e0cia i satisfacci\u00f3 de la persona atesa.<\/span>\n\t\t\t\t\t\t\t\t\t<\/li>\n\t\t\t\t\t\t<\/ul>\n\t\t\t\t\t\t<\/div>\n\t\t\t\t<\/div>\n\t\t\t\t<\/div>\n\t\t\t\t\t<\/div>\n\t\t\t\t<\/div>\n\t\t<div class=\"elementor-element elementor-element-a3dabfe e-flex e-con-boxed e-con e-parent\" data-id=\"a3dabfe\" data-element_type=\"container\" data-e-type=\"container\" data-settings=\"{&quot;background_background&quot;:&quot;classic&quot;}\">\n\t\t\t\t\t<div class=\"e-con-inner\">\n\t\t\t\t<div class=\"elementor-element elementor-element-50460dc elementor-widget__width-initial elementor-invisible elementor-widget elementor-widget-heading\" data-id=\"50460dc\" data-element_type=\"widget\" data-e-type=\"widget\" data-settings=\"{&quot;_animation&quot;:&quot;fadeIn&quot;}\" data-widget_type=\"heading.default\">\n\t\t\t\t\t<h2 class=\"elementor-heading-title elementor-size-default\">Fites<\/h2>\t\t\t\t<\/div>\n\t\t\t\t<div class=\"elementor-element elementor-element-2af3180 elementor-widget elementor-widget-spacer\" data-id=\"2af3180\" data-element_type=\"widget\" data-e-type=\"widget\" data-widget_type=\"spacer.default\">\n\t\t\t\t\t\t\t<div class=\"elementor-spacer\">\n\t\t\t<div class=\"elementor-spacer-inner\"><\/div>\n\t\t<\/div>\n\t\t\t\t\t\t<\/div>\n\t\t\t\t<div class=\"elementor-element elementor-element-d198cfc elementor-pagination-type-progressbar elementor-arrows-position-inside elementor-widget elementor-widget-n-carousel\" data-id=\"d198cfc\" data-element_type=\"widget\" data-e-type=\"widget\" data-settings=\"{&quot;carousel_items&quot;:[{&quot;slide_title&quot;:&quot;Diapositiva n\\u00ba 1&quot;,&quot;_id&quot;:&quot;d9cc9ab&quot;},{&quot;slide_title&quot;:&quot;Diapositiva n\\u00ba 1&quot;,&quot;_id&quot;:&quot;98e4ac0&quot;},{&quot;slide_title&quot;:&quot;Diapositiva n\\u00ba 1&quot;,&quot;_id&quot;:&quot;7f3aa30&quot;},{&quot;slide_title&quot;:&quot;Diapositiva n\\u00ba 1&quot;,&quot;_id&quot;:&quot;8212618&quot;},{&quot;slide_title&quot;:&quot;Diapositiva n\\u00ba 1&quot;,&quot;_id&quot;:&quot;aba61dd&quot;},{&quot;slide_title&quot;:&quot;Diapositiva n\\u00ba 1&quot;,&quot;_id&quot;:&quot;43ebd5e&quot;},{&quot;slide_title&quot;:&quot;Diapositiva n\\u00ba 1&quot;,&quot;_id&quot;:&quot;6e8fd49&quot;},{&quot;slide_title&quot;:&quot;Diapositiva n\\u00ba 1&quot;,&quot;_id&quot;:&quot;a1627b6&quot;},{&quot;slide_title&quot;:&quot;Diapositiva n\\u00ba 1&quot;,&quot;_id&quot;:&quot;4e19398&quot;},{&quot;slide_title&quot;:&quot;Diapositiva n\\u00ba 1&quot;,&quot;_id&quot;:&quot;ca7c7b0&quot;},{&quot;slide_title&quot;:&quot;Diapositiva n\\u00ba 1&quot;,&quot;_id&quot;:&quot;3eb9d01&quot;},{&quot;slide_title&quot;:&quot;Diapositiva n\\u00ba 1&quot;,&quot;_id&quot;:&quot;209fd56&quot;},{&quot;slide_title&quot;:&quot;Diapositiva n\\u00ba 1&quot;,&quot;_id&quot;:&quot;6e4b3c8&quot;},{&quot;slide_title&quot;:&quot;Diapositiva n\\u00ba 1&quot;,&quot;_id&quot;:&quot;d402226&quot;},{&quot;slide_title&quot;:&quot;Diapositiva n\\u00ba 1&quot;,&quot;_id&quot;:&quot;83f21d0&quot;},{&quot;slide_title&quot;:&quot;Diapositiva n\\u00ba 1&quot;,&quot;_id&quot;:&quot;dbffd7e&quot;}],&quot;slides_to_show&quot;:&quot;3&quot;,&quot;pagination&quot;:&quot;progressbar&quot;,&quot;slides_to_show_tablet&quot;:&quot;2&quot;,&quot;slides_to_show_mobile&quot;:&quot;1&quot;,&quot;autoplay&quot;:&quot;yes&quot;,&quot;autoplay_speed&quot;:5000,&quot;pause_on_hover&quot;:&quot;yes&quot;,&quot;pause_on_interaction&quot;:&quot;yes&quot;,&quot;speed&quot;:500,&quot;arrows&quot;:&quot;yes&quot;,&quot;image_spacing_custom&quot;:{&quot;unit&quot;:&quot;px&quot;,&quot;size&quot;:10,&quot;sizes&quot;:[]},&quot;image_spacing_custom_tablet&quot;:{&quot;unit&quot;:&quot;px&quot;,&quot;size&quot;:&quot;&quot;,&quot;sizes&quot;:[]},&quot;image_spacing_custom_mobile&quot;:{&quot;unit&quot;:&quot;px&quot;,&quot;size&quot;:&quot;&quot;,&quot;sizes&quot;:[]}}\" data-widget_type=\"nested-carousel.default\">\n\t\t\t\t\t\t\t<div class=\"e-n-carousel swiper\" role=\"region\" aria-roledescription=\"carousel\" aria-label=\"Carrusel\" dir=\"ltr\">\n\t\t\t<div class=\"swiper-wrapper\" aria-live=\"off\">\n\t\t\t\t\t\t\t\t\t\t<div class=\"swiper-slide\" data-slide=\"1\" role=\"group\" aria-roledescription=\"slide\" aria-label=\"1 of 16\">\n\t\t\t\t\t\t\t<div class=\"elementor-element elementor-element-f52f3ec e-con-full e-flex e-con e-child\" data-id=\"f52f3ec\" data-element_type=\"container\" data-e-type=\"container\" data-settings=\"{&quot;background_background&quot;:&quot;classic&quot;}\">\n\t\t\t\t<div class=\"elementor-element elementor-element-e2c50d0 elementor-widget elementor-widget-heading\" data-id=\"e2c50d0\" data-element_type=\"widget\" data-e-type=\"widget\" data-widget_type=\"heading.default\">\n\t\t\t\t\t<h2 class=\"elementor-heading-title elementor-size-default\">1978<\/h2>\t\t\t\t<\/div>\n\t\t\t\t<div class=\"elementor-element elementor-element-9830cbd elementor-widget elementor-widget-text-editor\" data-id=\"9830cbd\" data-element_type=\"widget\" data-e-type=\"widget\" data-widget_type=\"text-editor.default\">\n\t\t\t\t\t\t\t\t\t<p>Un grup d\u2019estudiants de medicina inicia aquesta aventura amb un prop\u00f2sit altruista: oferir assist\u00e8ncia a qui m\u00e9s ho necessita.<\/p>\t\t\t\t\t\t\t\t<\/div>\n\t\t\t\t<\/div>\n\t\t\t\t\t\t\t\t<\/div>\n\t\t\t\t\t\t\t\t\t\t\t<div class=\"swiper-slide\" data-slide=\"2\" role=\"group\" aria-roledescription=\"slide\" aria-label=\"2 of 16\">\n\t\t\t\t\t\t\t<div class=\"elementor-element elementor-element-566fd1b e-con-full e-flex e-con e-child\" data-id=\"566fd1b\" data-element_type=\"container\" data-e-type=\"container\" data-settings=\"{&quot;background_background&quot;:&quot;classic&quot;}\">\n\t\t\t\t<div class=\"elementor-element elementor-element-e8e05b5 elementor-widget elementor-widget-heading\" data-id=\"e8e05b5\" data-element_type=\"widget\" data-e-type=\"widget\" data-widget_type=\"heading.default\">\n\t\t\t\t\t<h2 class=\"elementor-heading-title elementor-size-default\">1980<\/h2>\t\t\t\t<\/div>\n\t\t\t\t<div class=\"elementor-element elementor-element-793fa98 elementor-widget elementor-widget-text-editor\" data-id=\"793fa98\" data-element_type=\"widget\" data-e-type=\"widget\" data-widget_type=\"text-editor.default\">\n\t\t\t\t\t\t\t\t\t<p>Registre de la marca ASISTED.<\/p>\t\t\t\t\t\t\t\t<\/div>\n\t\t\t\t<\/div>\n\t\t\t\t\t\t\t\t<\/div>\n\t\t\t\t\t\t\t\t\t\t\t<div class=\"swiper-slide\" data-slide=\"3\" role=\"group\" aria-roledescription=\"slide\" aria-label=\"3 of 16\">\n\t\t\t\t\t\t\t<div class=\"elementor-element elementor-element-8e9ce24 e-con-full e-flex e-con e-child\" data-id=\"8e9ce24\" data-element_type=\"container\" data-e-type=\"container\" data-settings=\"{&quot;background_background&quot;:&quot;classic&quot;}\">\n\t\t\t\t<div class=\"elementor-element elementor-element-a8c41be elementor-widget elementor-widget-heading\" data-id=\"a8c41be\" data-element_type=\"widget\" data-e-type=\"widget\" data-widget_type=\"heading.default\">\n\t\t\t\t\t<h2 class=\"elementor-heading-title elementor-size-default\">1981<\/h2>\t\t\t\t<\/div>\n\t\t\t\t<div class=\"elementor-element elementor-element-eb69c39 elementor-widget elementor-widget-text-editor\" data-id=\"eb69c39\" data-element_type=\"widget\" data-e-type=\"widget\" data-widget_type=\"text-editor.default\">\n\t\t\t\t\t\t\t\t\t<p>ASISTED \u00e9s una empresa d\u2019intermediaci\u00f3 de serveis d\u2019atenci\u00f3 domicili\u00e0ria..<\/p>\t\t\t\t\t\t\t\t<\/div>\n\t\t\t\t<\/div>\n\t\t\t\t\t\t\t\t<\/div>\n\t\t\t\t\t\t\t\t\t\t\t<div class=\"swiper-slide\" data-slide=\"4\" role=\"group\" aria-roledescription=\"slide\" aria-label=\"4 of 16\">\n\t\t\t\t\t\t\t<div class=\"elementor-element elementor-element-8642da5 e-con-full e-flex e-con e-child\" data-id=\"8642da5\" data-element_type=\"container\" data-e-type=\"container\" data-settings=\"{&quot;background_background&quot;:&quot;classic&quot;}\">\n\t\t\t\t<div class=\"elementor-element elementor-element-6052439 elementor-widget elementor-widget-heading\" data-id=\"6052439\" data-element_type=\"widget\" data-e-type=\"widget\" data-widget_type=\"heading.default\">\n\t\t\t\t\t<h2 class=\"elementor-heading-title elementor-size-default\">2003<\/h2>\t\t\t\t<\/div>\n\t\t\t\t<div class=\"elementor-element elementor-element-2353b78 elementor-widget elementor-widget-text-editor\" data-id=\"2353b78\" data-element_type=\"widget\" data-e-type=\"widget\" data-widget_type=\"text-editor.default\">\n\t\t\t\t\t\t\t\t\t<p>Constituci\u00f3 de l\u2019Associaci\u00f3 sense \u00e0nim de lucre \u201cAssociaci\u00f3 per a la Integraci\u00f3 i Salut de les Persones Grans i amb Depend\u00e8ncia.<\/p>\t\t\t\t\t\t\t\t<\/div>\n\t\t\t\t<\/div>\n\t\t\t\t\t\t\t\t<\/div>\n\t\t\t\t\t\t\t\t\t\t\t<div class=\"swiper-slide\" data-slide=\"5\" role=\"group\" aria-roledescription=\"slide\" aria-label=\"5 of 16\">\n\t\t\t\t\t\t\t<div class=\"elementor-element elementor-element-506062b e-con-full e-flex e-con e-child\" data-id=\"506062b\" data-element_type=\"container\" data-e-type=\"container\" data-settings=\"{&quot;background_background&quot;:&quot;classic&quot;}\">\n\t\t\t\t<div class=\"elementor-element elementor-element-34f21d8 elementor-widget elementor-widget-heading\" data-id=\"34f21d8\" data-element_type=\"widget\" data-e-type=\"widget\" data-widget_type=\"heading.default\">\n\t\t\t\t\t<h2 class=\"elementor-heading-title elementor-size-default\">2006<\/h2>\t\t\t\t<\/div>\n\t\t\t\t<div class=\"elementor-element elementor-element-9210ade elementor-widget elementor-widget-text-editor\" data-id=\"9210ade\" data-element_type=\"widget\" data-e-type=\"widget\" data-widget_type=\"text-editor.default\">\n\t\t\t\t\t\t\t\t\t<p>Desenvolupament i posada en marxa del nostre propi programari de gesti\u00f3 (ERP-Service Manager) que integra i centralitza les operacions per a millorar la gesti\u00f3 i la presa de decisions, amb un desenvolupament constant fins a l\u2019actualitat.<\/p>\t\t\t\t\t\t\t\t<\/div>\n\t\t\t\t<\/div>\n\t\t\t\t\t\t\t\t<\/div>\n\t\t\t\t\t\t\t\t\t\t\t<div class=\"swiper-slide\" data-slide=\"6\" role=\"group\" aria-roledescription=\"slide\" aria-label=\"6 of 16\">\n\t\t\t\t\t\t\t<div class=\"elementor-element elementor-element-d41d365 e-con-full e-flex e-con e-child\" data-id=\"d41d365\" data-element_type=\"container\" data-e-type=\"container\" data-settings=\"{&quot;background_background&quot;:&quot;classic&quot;}\">\n\t\t\t\t<div class=\"elementor-element elementor-element-7c7d2a2 elementor-widget elementor-widget-heading\" data-id=\"7c7d2a2\" data-element_type=\"widget\" data-e-type=\"widget\" data-widget_type=\"heading.default\">\n\t\t\t\t\t<h2 class=\"elementor-heading-title elementor-size-default\">2008<\/h2>\t\t\t\t<\/div>\n\t\t\t\t<div class=\"elementor-element elementor-element-31168d3 elementor-widget elementor-widget-text-editor\" data-id=\"31168d3\" data-element_type=\"widget\" data-e-type=\"widget\" data-widget_type=\"text-editor.default\">\n\t\t\t\t\t\t\t\t\t<p>Implantaci\u00f3 del primer centre d\u2019atenci\u00f3 territorial de proximitat al Vall\u00e8s Occidental (Sant Cugat del Vall\u00e8s).<\/p><p>Inscripci\u00f3 al Registre d\u2019Entitats, Serveis i Establiments Socials del Departament de Drets Socials de la Generalitat de Catalunya, amb el n\u00famero <strong>S07169<\/strong> com a <strong>Entitat Privada d\u2019Iniciativa Social<\/strong><\/p>\t\t\t\t\t\t\t\t<\/div>\n\t\t\t\t<\/div>\n\t\t\t\t\t\t\t\t<\/div>\n\t\t\t\t\t\t\t\t\t\t\t<div class=\"swiper-slide\" data-slide=\"7\" role=\"group\" aria-roledescription=\"slide\" aria-label=\"7 of 16\">\n\t\t\t\t\t\t\t<div class=\"elementor-element elementor-element-39c125b e-con-full e-flex e-con e-child\" data-id=\"39c125b\" data-element_type=\"container\" data-e-type=\"container\" data-settings=\"{&quot;background_background&quot;:&quot;classic&quot;}\">\n\t\t\t\t<div class=\"elementor-element elementor-element-0f773b7 elementor-widget elementor-widget-heading\" data-id=\"0f773b7\" data-element_type=\"widget\" data-e-type=\"widget\" data-widget_type=\"heading.default\">\n\t\t\t\t\t<h2 class=\"elementor-heading-title elementor-size-default\">2009<\/h2>\t\t\t\t<\/div>\n\t\t\t\t<div class=\"elementor-element elementor-element-1ddc005 elementor-widget elementor-widget-text-editor\" data-id=\"1ddc005\" data-element_type=\"widget\" data-e-type=\"widget\" data-widget_type=\"text-editor.default\">\n\t\t\t\t\t\t\t\t\t<p>Obtenci\u00f3 de la certificaci\u00f3 ISO 9001, que va enfortir el nostre sistema de gesti\u00f3 de qualitat i la professionalitzaci\u00f3 interna.<\/p>\t\t\t\t\t\t\t\t<\/div>\n\t\t\t\t<\/div>\n\t\t\t\t\t\t\t\t<\/div>\n\t\t\t\t\t\t\t\t\t\t\t<div class=\"swiper-slide\" data-slide=\"8\" role=\"group\" aria-roledescription=\"slide\" aria-label=\"8 of 16\">\n\t\t\t\t\t\t\t<div class=\"elementor-element elementor-element-2076930 e-con-full e-flex e-con e-child\" data-id=\"2076930\" data-element_type=\"container\" data-e-type=\"container\" data-settings=\"{&quot;background_background&quot;:&quot;classic&quot;}\">\n\t\t\t\t<div class=\"elementor-element elementor-element-2346a80 elementor-widget elementor-widget-heading\" data-id=\"2346a80\" data-element_type=\"widget\" data-e-type=\"widget\" data-widget_type=\"heading.default\">\n\t\t\t\t\t<h2 class=\"elementor-heading-title elementor-size-default\">2012<\/h2>\t\t\t\t<\/div>\n\t\t\t\t<div class=\"elementor-element elementor-element-aa7c595 elementor-widget elementor-widget-text-editor\" data-id=\"aa7c595\" data-element_type=\"widget\" data-e-type=\"widget\" data-widget_type=\"text-editor.default\">\n\t\t\t\t\t\t\t\t\t<p>Transici\u00f3 de tot el personal del r\u00e8gim d\u2019aut\u00f2nom a plantilla fixa, incorporant-se al R\u00e8gim General de la Seguretat Social.<\/p>\t\t\t\t\t\t\t\t<\/div>\n\t\t\t\t<\/div>\n\t\t\t\t\t\t\t\t<\/div>\n\t\t\t\t\t\t\t\t\t\t\t<div class=\"swiper-slide\" data-slide=\"9\" role=\"group\" aria-roledescription=\"slide\" aria-label=\"9 of 16\">\n\t\t\t\t\t\t\t<div class=\"elementor-element elementor-element-d23d737 e-con-full e-flex e-con e-child\" data-id=\"d23d737\" data-element_type=\"container\" data-e-type=\"container\" data-settings=\"{&quot;background_background&quot;:&quot;classic&quot;}\">\n\t\t\t\t<div class=\"elementor-element elementor-element-c7200d8 elementor-widget elementor-widget-heading\" data-id=\"c7200d8\" data-element_type=\"widget\" data-e-type=\"widget\" data-widget_type=\"heading.default\">\n\t\t\t\t\t<h2 class=\"elementor-heading-title elementor-size-default\">2013-2018 <\/h2>\t\t\t\t<\/div>\n\t\t\t\t<div class=\"elementor-element elementor-element-5584048 elementor-widget elementor-widget-text-editor\" data-id=\"5584048\" data-element_type=\"widget\" data-e-type=\"widget\" data-widget_type=\"text-editor.default\">\n\t\t\t\t\t\t\t\t\t<p>Consolidaci\u00f3 del model d\u2019atenci\u00f3 de proximitat amb l\u2019obertura de nous centres d\u2019atenci\u00f3 territorials a Granollers (2013), Matar\u00f3 i Sant Boi (2014), Girona i Tarragona (2015), Terrassa (2016) i Sabadell (2018).<\/p>\t\t\t\t\t\t\t\t<\/div>\n\t\t\t\t<\/div>\n\t\t\t\t\t\t\t\t<\/div>\n\t\t\t\t\t\t\t\t\t\t\t<div class=\"swiper-slide\" data-slide=\"10\" role=\"group\" aria-roledescription=\"slide\" aria-label=\"10 of 16\">\n\t\t\t\t\t\t\t<div class=\"elementor-element elementor-element-8c4012a e-con-full e-flex e-con e-child\" data-id=\"8c4012a\" data-element_type=\"container\" data-e-type=\"container\" data-settings=\"{&quot;background_background&quot;:&quot;classic&quot;}\">\n\t\t\t\t<div class=\"elementor-element elementor-element-50e7a59 elementor-widget elementor-widget-heading\" data-id=\"50e7a59\" data-element_type=\"widget\" data-e-type=\"widget\" data-widget_type=\"heading.default\">\n\t\t\t\t\t<h2 class=\"elementor-heading-title elementor-size-default\">2018 <\/h2>\t\t\t\t<\/div>\n\t\t\t\t<div class=\"elementor-element elementor-element-b0c20cd elementor-widget elementor-widget-text-editor\" data-id=\"b0c20cd\" data-element_type=\"widget\" data-e-type=\"widget\" data-widget_type=\"text-editor.default\">\n\t\t\t\t\t\t\t\t\t<p>Signatura del primer Conveni Col\u00b7lectiu propi de l\u2019entitat, refor\u00e7ant el comprom\u00eds amb les condicions laborals i el benestar de l\u2019equip.<\/p>\t\t\t\t\t\t\t\t<\/div>\n\t\t\t\t<\/div>\n\t\t\t\t\t\t\t\t<\/div>\n\t\t\t\t\t\t\t\t\t\t\t<div class=\"swiper-slide\" data-slide=\"11\" role=\"group\" aria-roledescription=\"slide\" aria-label=\"11 of 16\">\n\t\t\t\t\t\t\t<div class=\"elementor-element elementor-element-0a80d71 e-con-full e-flex e-con e-child\" data-id=\"0a80d71\" data-element_type=\"container\" data-e-type=\"container\" data-settings=\"{&quot;background_background&quot;:&quot;classic&quot;}\">\n\t\t\t\t<div class=\"elementor-element elementor-element-68cb09b elementor-widget elementor-widget-heading\" data-id=\"68cb09b\" data-element_type=\"widget\" data-e-type=\"widget\" data-widget_type=\"heading.default\">\n\t\t\t\t\t<h2 class=\"elementor-heading-title elementor-size-default\">2020<\/h2>\t\t\t\t<\/div>\n\t\t\t\t<div class=\"elementor-element elementor-element-9da929f elementor-widget elementor-widget-text-editor\" data-id=\"9da929f\" data-element_type=\"widget\" data-e-type=\"widget\" data-widget_type=\"text-editor.default\">\n\t\t\t\t\t\t\t\t\t<p>Durant la pand\u00e8mia, vam potenciar l\u2019atenci\u00f3 als nostres usuaris i vam donar resposta a la sol\u00b7licitud de la Generalitat de Catalunya, proporcionant m\u00e9s de 250 cuidadors per cobrir les baixes laborals del personal a resid\u00e8ncies.<\/p><p>Alian\u00e7a amb la Fundaci\u00f3 Ana Ribot, gestionant el seu Servei d\u2019Atenci\u00f3 Domicili\u00e0ria (SAD).<\/p>\t\t\t\t\t\t\t\t<\/div>\n\t\t\t\t<\/div>\n\t\t\t\t\t\t\t\t<\/div>\n\t\t\t\t\t\t\t\t\t\t\t<div class=\"swiper-slide\" data-slide=\"12\" role=\"group\" aria-roledescription=\"slide\" aria-label=\"12 of 16\">\n\t\t\t\t\t\t\t<div class=\"elementor-element elementor-element-ffefe75 e-con-full e-flex e-con e-child\" data-id=\"ffefe75\" data-element_type=\"container\" data-e-type=\"container\" data-settings=\"{&quot;background_background&quot;:&quot;classic&quot;}\">\n\t\t\t\t<div class=\"elementor-element elementor-element-c1c7909 elementor-widget elementor-widget-heading\" data-id=\"c1c7909\" data-element_type=\"widget\" data-e-type=\"widget\" data-widget_type=\"heading.default\">\n\t\t\t\t\t<h2 class=\"elementor-heading-title elementor-size-default\">2021<\/h2>\t\t\t\t<\/div>\n\t\t\t\t<div class=\"elementor-element elementor-element-aa60092 elementor-widget elementor-widget-text-editor\" data-id=\"aa60092\" data-element_type=\"widget\" data-e-type=\"widget\" data-widget_type=\"text-editor.default\">\n\t\t\t\t\t\t\t\t\t<p>Ampliaci\u00f3 de la nostra xarxa territorial amb l\u2019obertura del nostre primer centre d\u2019atenci\u00f3 a la Comunitat de Madrid, consolidant el model de proximitat.<\/p>\t\t\t\t\t\t\t\t<\/div>\n\t\t\t\t<\/div>\n\t\t\t\t\t\t\t\t<\/div>\n\t\t\t\t\t\t\t\t\t\t\t<div class=\"swiper-slide\" data-slide=\"13\" role=\"group\" aria-roledescription=\"slide\" aria-label=\"13 of 16\">\n\t\t\t\t\t\t\t<div class=\"elementor-element elementor-element-6fbb67a e-con-full e-flex e-con e-child\" data-id=\"6fbb67a\" data-element_type=\"container\" data-e-type=\"container\" data-settings=\"{&quot;background_background&quot;:&quot;classic&quot;}\">\n\t\t\t\t<div class=\"elementor-element elementor-element-2d98752 elementor-widget elementor-widget-heading\" data-id=\"2d98752\" data-element_type=\"widget\" data-e-type=\"widget\" data-widget_type=\"heading.default\">\n\t\t\t\t\t<h2 class=\"elementor-heading-title elementor-size-default\">2022<\/h2>\t\t\t\t<\/div>\n\t\t\t\t<div class=\"elementor-element elementor-element-ca28531 elementor-widget elementor-widget-text-editor\" data-id=\"ca28531\" data-element_type=\"widget\" data-e-type=\"widget\" data-widget_type=\"text-editor.default\">\n\t\t\t\t\t\t\t\t\t<p>Premi Supercuidadores en la categoria d\u2019entitat i en la categoria de cuidador\/a professional.<\/p>\t\t\t\t\t\t\t\t<\/div>\n\t\t\t\t<\/div>\n\t\t\t\t\t\t\t\t<\/div>\n\t\t\t\t\t\t\t\t\t\t\t<div class=\"swiper-slide\" data-slide=\"14\" role=\"group\" aria-roledescription=\"slide\" aria-label=\"14 of 16\">\n\t\t\t\t\t\t\t<div class=\"elementor-element elementor-element-bf06241 e-con-full e-flex e-con e-child\" data-id=\"bf06241\" data-element_type=\"container\" data-e-type=\"container\" data-settings=\"{&quot;background_background&quot;:&quot;classic&quot;}\">\n\t\t\t\t<div class=\"elementor-element elementor-element-e279c3b elementor-widget elementor-widget-heading\" data-id=\"e279c3b\" data-element_type=\"widget\" data-e-type=\"widget\" data-widget_type=\"heading.default\">\n\t\t\t\t\t<h2 class=\"elementor-heading-title elementor-size-default\">2023 <\/h2>\t\t\t\t<\/div>\n\t\t\t\t<div class=\"elementor-element elementor-element-e72a43b elementor-widget elementor-widget-text-editor\" data-id=\"e72a43b\" data-element_type=\"widget\" data-e-type=\"widget\" data-widget_type=\"text-editor.default\">\n\t\t\t\t\t\t\t\t\t<p>Constituci\u00f3 de la Fundaci\u00f3 ASISTED, amb la finalitat de transformar i innovar el model de cures, promovent una societat m\u00e9s solid\u00e0ria i humana.<\/p>\t\t\t\t\t\t\t\t<\/div>\n\t\t\t\t<\/div>\n\t\t\t\t\t\t\t\t<\/div>\n\t\t\t\t\t\t\t\t\t\t\t<div class=\"swiper-slide\" data-slide=\"15\" role=\"group\" aria-roledescription=\"slide\" aria-label=\"15 of 16\">\n\t\t\t\t\t\t\t<div class=\"elementor-element elementor-element-28650ef e-con-full e-flex e-con e-child\" data-id=\"28650ef\" data-element_type=\"container\" data-e-type=\"container\" data-settings=\"{&quot;background_background&quot;:&quot;classic&quot;}\">\n\t\t\t\t<div class=\"elementor-element elementor-element-d27fac5 elementor-widget elementor-widget-heading\" data-id=\"d27fac5\" data-element_type=\"widget\" data-e-type=\"widget\" data-widget_type=\"heading.default\">\n\t\t\t\t\t<h2 class=\"elementor-heading-title elementor-size-default\">2024<\/h2>\t\t\t\t<\/div>\n\t\t\t\t<div class=\"elementor-element elementor-element-fb2ce80 elementor-widget elementor-widget-text-editor\" data-id=\"fb2ce80\" data-element_type=\"widget\" data-e-type=\"widget\" data-widget_type=\"text-editor.default\">\n\t\t\t\t\t\t\t\t\t<p>Participaci\u00f3 en els projectes de la convocat\u00f2ria 24-25, dins de les subvencions de la Generalitat de Catalunya, per al desenvolupament d\u2019iniciatives en l\u2019\u00e0mbit de les cures.<\/p><p>Habilitaci\u00f3 professional de tot l\u2019equip de persones cuidadores, refor\u00e7ant la qualitat i la professionalitzaci\u00f3 dels nostres serveis.<\/p>\t\t\t\t\t\t\t\t<\/div>\n\t\t\t\t<\/div>\n\t\t\t\t\t\t\t\t<\/div>\n\t\t\t\t\t\t\t\t\t\t\t<div class=\"swiper-slide\" data-slide=\"16\" role=\"group\" aria-roledescription=\"slide\" aria-label=\"16 of 16\">\n\t\t\t\t\t\t\t<div class=\"elementor-element elementor-element-a2cc255 e-con-full e-flex e-con e-child\" data-id=\"a2cc255\" data-element_type=\"container\" data-e-type=\"container\" data-settings=\"{&quot;background_background&quot;:&quot;classic&quot;}\">\n\t\t\t\t<div class=\"elementor-element elementor-element-941259c elementor-widget elementor-widget-heading\" data-id=\"941259c\" data-element_type=\"widget\" data-e-type=\"widget\" data-widget_type=\"heading.default\">\n\t\t\t\t\t<h2 class=\"elementor-heading-title elementor-size-default\">2025 <\/h2>\t\t\t\t<\/div>\n\t\t\t\t<div class=\"elementor-element elementor-element-aec06b3 elementor-widget elementor-widget-text-editor\" data-id=\"aec06b3\" data-element_type=\"widget\" data-e-type=\"widget\" data-widget_type=\"text-editor.default\">\n\t\t\t\t\t\t\t\t\t<p>Impulsem la transici\u00f3 cap a un model d\u2019atenci\u00f3 integral centrat en la persona (AICP).<\/p><p>Creaci\u00f3 de l\u2019Aula de Formaci\u00f3 a l\u2019oficina de Barcelona.<\/p>\t\t\t\t\t\t\t\t<\/div>\n\t\t\t\t<\/div>\n\t\t\t\t\t\t\t\t<\/div>\n\t\t\t\t\t\t\t\t<\/div>\n\t\t<\/div>\n\t\t\t\t\t<div class=\"elementor-swiper-button elementor-swiper-button-prev\" role=\"button\" tabindex=\"0\" aria-label=\"Previous\">\n\t\t\t\t<svg aria-hidden=\"true\" class=\"e-font-icon-svg e-fas-caret-left\" viewBox=\"0 0 192 512\" xmlns=\"http:\/\/www.w3.org\/2000\/svg\"><path d=\"M192 127.338v257.324c0 17.818-21.543 26.741-34.142 14.142L29.196 270.142c-7.81-7.81-7.81-20.474 0-28.284l128.662-128.662c12.599-12.6 34.142-3.676 34.142 14.142z\"><\/path><\/svg>\t\t\t<\/div>\n\t\t\t<div class=\"elementor-swiper-button elementor-swiper-button-next\" role=\"button\" tabindex=\"0\" aria-label=\"Next\">\n\t\t\t\t<svg aria-hidden=\"true\" class=\"e-font-icon-svg e-fas-caret-right\" viewBox=\"0 0 192 512\" xmlns=\"http:\/\/www.w3.org\/2000\/svg\"><path d=\"M0 384.662V127.338c0-17.818 21.543-26.741 34.142-14.142l128.662 128.662c7.81 7.81 7.81 20.474 0 28.284L34.142 398.804C21.543 411.404 0 402.48 0 384.662z\"><\/path><\/svg>\t\t\t<\/div>\n\t\t\t\t\t<div class=\"swiper-pagination\"><\/div>\n\t\t\t\t\t\t<\/div>\n\t\t\t\t\t<\/div>\n\t\t\t\t<\/div>\n\t\t<div class=\"elementor-element elementor-element-baf3340 e-flex e-con-boxed e-con e-parent\" data-id=\"baf3340\" data-element_type=\"container\" data-e-type=\"container\" data-settings=\"{&quot;background_background&quot;:&quot;classic&quot;}\">\n\t\t\t\t\t<div class=\"e-con-inner\">\n\t\t\t\t<div class=\"elementor-element elementor-element-07c9476 elementor-widget elementor-widget-heading\" data-id=\"07c9476\" data-element_type=\"widget\" data-e-type=\"widget\" data-settings=\"{&quot;motion_fx_motion_fx_scrolling&quot;:&quot;yes&quot;,&quot;motion_fx_opacity_effect&quot;:&quot;yes&quot;,&quot;motion_fx_opacity_range&quot;:{&quot;unit&quot;:&quot;%&quot;,&quot;size&quot;:&quot;&quot;,&quot;sizes&quot;:{&quot;start&quot;:20,&quot;end&quot;:50}},&quot;motion_fx_opacity_direction&quot;:&quot;out-in&quot;,&quot;motion_fx_opacity_level&quot;:{&quot;unit&quot;:&quot;px&quot;,&quot;size&quot;:10,&quot;sizes&quot;:[]},&quot;motion_fx_devices&quot;:[&quot;desktop&quot;,&quot;tablet&quot;,&quot;mobile&quot;]}\" data-widget_type=\"heading.default\">\n\t\t\t\t\t<span class=\"elementor-heading-title elementor-size-default\">Cuidem amb el mateix comprom\u00eds des de fa m\u00e9s de 45 anys.<\/span>\t\t\t\t<\/div>\n\t\t\t\t\t<\/div>\n\t\t\t\t<\/div>\n\t\t<div class=\"elementor-element elementor-element-56a86fc e-flex e-con-boxed e-con e-parent\" data-id=\"56a86fc\" data-element_type=\"container\" data-e-type=\"container\" data-settings=\"{&quot;background_background&quot;:&quot;classic&quot;}\">\n\t\t\t\t\t<div class=\"e-con-inner\">\n\t\t\t\t\t<\/div>\n\t\t\t\t<\/div>\n\t\t\t\t<\/div>\n\t\t","protected":false},"excerpt":{"rendered":"<p>La nostra hist\u00f2ria Fa 45 anys vaig prendre una decisi\u00f3, o potser va ser el cam\u00ed qui em va triar a mi. Des de llavors, he dedicat la meva vida a alguna cosa que va molt m\u00e9s enll\u00e0 d\u2019una professi\u00f3: acompanyar, cuidar i transformar la vida de les persones que ens necessiten. En aquest recorregut [&hellip;]<\/p>\n","protected":false},"author":4,"featured_media":0,"parent":38728,"menu_order":0,"comment_status":"closed","ping_status":"closed","template":"","meta":{"_acf_changed":false,"footnotes":""},"class_list":["post-38752","page","type-page","status-publish","hentry"],"acf":[],"_links":{"self":[{"href":"https:\/\/asisted.org\/ca\/wp-json\/wp\/v2\/pages\/38752","targetHints":{"allow":["GET"]}}],"collection":[{"href":"https:\/\/asisted.org\/ca\/wp-json\/wp\/v2\/pages"}],"about":[{"href":"https:\/\/asisted.org\/ca\/wp-json\/wp\/v2\/types\/page"}],"author":[{"embeddable":true,"href":"https:\/\/asisted.org\/ca\/wp-json\/wp\/v2\/users\/4"}],"replies":[{"embeddable":true,"href":"https:\/\/asisted.org\/ca\/wp-json\/wp\/v2\/comments?post=38752"}],"version-history":[{"count":11,"href":"https:\/\/asisted.org\/ca\/wp-json\/wp\/v2\/pages\/38752\/revisions"}],"predecessor-version":[{"id":39736,"href":"https:\/\/asisted.org\/ca\/wp-json\/wp\/v2\/pages\/38752\/revisions\/39736"}],"up":[{"embeddable":true,"href":"https:\/\/asisted.org\/ca\/wp-json\/wp\/v2\/pages\/38728"}],"wp:attachment":[{"href":"https:\/\/asisted.org\/ca\/wp-json\/wp\/v2\/media?parent=38752"}],"curies":[{"name":"wp","href":"https:\/\/api.w.org\/{rel}","templated":true}]}}