{"id":38663,"date":"2025-07-29T10:42:24","date_gmt":"2025-07-29T09:42:24","guid":{"rendered":"https:\/\/asisted.org\/fundacio\/"},"modified":"2026-02-17T13:35:15","modified_gmt":"2026-02-17T12:35:15","slug":"fundacio","status":"publish","type":"page","link":"https:\/\/asisted.org\/ca\/fundacio\/","title":{"rendered":"Fundaci\u00f3"},"content":{"rendered":"\t\t<div data-elementor-type=\"wp-page\" data-elementor-id=\"38663\" class=\"elementor elementor-38663 elementor-1960\" data-elementor-post-type=\"page\">\n\t\t\t\t<div class=\"elementor-element elementor-element-c123b94 e-flex e-con-boxed e-con e-parent\" data-id=\"c123b94\" data-element_type=\"container\" data-e-type=\"container\" data-settings=\"{&quot;background_background&quot;:&quot;classic&quot;}\">\n\t\t\t\t\t<div class=\"e-con-inner\">\n\t\t<div class=\"elementor-element elementor-element-21cb049 e-con-full e-flex e-con e-child\" data-id=\"21cb049\" data-element_type=\"container\" data-e-type=\"container\">\n\t\t\t\t<div class=\"elementor-element elementor-element-e67ba94 elementor-invisible elementor-widget elementor-widget-heading\" data-id=\"e67ba94\" data-element_type=\"widget\" data-e-type=\"widget\" data-settings=\"{&quot;_animation&quot;:&quot;fadeIn&quot;}\" data-widget_type=\"heading.default\">\n\t\t\t\t\t<h1 class=\"elementor-heading-title elementor-size-default\">FUNDACI\u00d3 ASISTED<\/h1>\t\t\t\t<\/div>\n\t\t\t\t<div class=\"elementor-element elementor-element-7788637 elementor-widget elementor-widget-text-editor\" data-id=\"7788637\" data-element_type=\"widget\" data-e-type=\"widget\" data-widget_type=\"text-editor.default\">\n\t\t\t\t\t\t\t\t\t<p>La Fundaci\u00f3 ASISTED treballa per impulsar un nou model de cures, m\u00e9s just, hum\u00e0 i connectat amb les persones i els seus entorns.<\/p>\t\t\t\t\t\t\t\t<\/div>\n\t\t\t\t<\/div>\n\t\t<div class=\"elementor-element elementor-element-c04b8c4 e-con-full e-flex e-con e-child\" data-id=\"c04b8c4\" data-element_type=\"container\" data-e-type=\"container\">\n\t\t\t\t<div class=\"elementor-element elementor-element-e4b6cc9 elementor-widget elementor-widget-image\" data-id=\"e4b6cc9\" data-element_type=\"widget\" data-e-type=\"widget\" data-widget_type=\"image.default\">\n\t\t\t\t\t\t\t\t\t\t\t\t\t\t\t<img decoding=\"async\" width=\"1\" height=\"1\" src=\"https:\/\/asisted.org\/wp-content\/uploads\/fundacion-asisted-logo.svg\" class=\"attachment-large size-large wp-image-38664\" alt=\"\" \/>\t\t\t\t\t\t\t\t\t\t\t\t\t\t\t<\/div>\n\t\t\t\t<\/div>\n\t\t\t\t\t<\/div>\n\t\t\t\t<\/div>\n\t\t<div class=\"elementor-element elementor-element-b337204 e-flex e-con-boxed e-con e-parent\" data-id=\"b337204\" data-element_type=\"container\" data-e-type=\"container\" data-settings=\"{&quot;background_background&quot;:&quot;classic&quot;}\">\n\t\t\t\t\t<div class=\"e-con-inner\">\n\t\t\t\t\t<\/div>\n\t\t\t\t<\/div>\n\t\t<div class=\"elementor-element elementor-element-cbb51ee e-flex e-con-boxed e-con e-parent\" data-id=\"cbb51ee\" data-element_type=\"container\" data-e-type=\"container\">\n\t\t\t\t\t<div class=\"e-con-inner\">\n\t\t<div class=\"elementor-element elementor-element-4698ed0 e-con-full e-flex e-con e-child\" data-id=\"4698ed0\" data-element_type=\"container\" data-e-type=\"container\">\n\t\t\t\t<div class=\"elementor-element elementor-element-0b6d2b0 elementor-invisible elementor-widget elementor-widget-heading\" data-id=\"0b6d2b0\" data-element_type=\"widget\" data-e-type=\"widget\" data-settings=\"{&quot;_animation&quot;:&quot;fadeIn&quot;}\" data-widget_type=\"heading.default\">\n\t\t\t\t\t<h2 class=\"elementor-heading-title elementor-size-default\">Prop\u00f2sit<\/h2>\t\t\t\t<\/div>\n\t\t\t\t<div class=\"elementor-element elementor-element-153197d elementor-invisible elementor-widget elementor-widget-text-editor\" data-id=\"153197d\" data-element_type=\"widget\" data-e-type=\"widget\" data-settings=\"{&quot;_animation&quot;:&quot;fadeIn&quot;}\" data-widget_type=\"text-editor.default\">\n\t\t\t\t\t\t\t\t\t<p>La Fundaci\u00f3 ASISTED neix amb un prop\u00f2sit clar: <strong>transformar i innovar el model de cures a les persones<\/strong> des de la proximitat, el respecte, la confian\u00e7a i la participaci\u00f3. Volem avan\u00e7ar cap a una societat m\u00e9s solid\u00e0ria, m\u00e9s humana i m\u00e9s compromesa amb la dignitat i els drets de totes les persones, especialment d&#8217;aquelles que es troben en situaci\u00f3 de vulnerabilitat o depend\u00e8ncia.<\/p><p>Actuem com a motor social de l&#8217;entitat, impulsant iniciatives que posen al centre les persones, enforteixen la xarxa comunit\u00e0ria i promouen un nou paradigma d&#8217;atenci\u00f3 i acompanyament.<\/p>\t\t\t\t\t\t\t\t<\/div>\n\t\t\t\t<div class=\"elementor-element elementor-element-446fc87 elementor-widget__width-initial elementor-invisible elementor-widget elementor-widget-heading\" data-id=\"446fc87\" data-element_type=\"widget\" data-e-type=\"widget\" data-settings=\"{&quot;_animation&quot;:&quot;fadeIn&quot;}\" data-widget_type=\"heading.default\">\n\t\t\t\t\t<h2 class=\"elementor-heading-title elementor-size-default\">\u00c0mbits d'actuaci\u00f3 \/ Principals l\u00ednies de treball<\/h2>\t\t\t\t<\/div>\n\t\t\t\t<div class=\"elementor-element elementor-element-34bce04 elementor-widget__width-initial elementor-widget elementor-widget-icon-box\" data-id=\"34bce04\" data-element_type=\"widget\" data-e-type=\"widget\" data-widget_type=\"icon-box.default\">\n\t\t\t\t\t\t\t<div class=\"elementor-icon-box-wrapper\">\n\n\t\t\t\n\t\t\t\t\t\t<div class=\"elementor-icon-box-content\">\n\n\t\t\t\t\t\t\t\t\t<h3 class=\"elementor-icon-box-title\">\n\t\t\t\t\t\t<span  >\n\t\t\t\t\t\t\tInnovaci\u00f3 i recerca per transformar les cures\t\t\t\t\t\t<\/span>\n\t\t\t\t\t<\/h3>\n\t\t\t\t\n\t\t\t\t\t\t\t\t\t<p class=\"elementor-icon-box-description\">\n\t\t\t\t\t\tImpulsem un model d'atenci\u00f3 centrat en la persona, amb una mirada integral i profundament humanitzada. Apostem per la recerca, la creaci\u00f3 de coneixement compartit i el desenvolupament de pr\u00e0ctiques que superin l'enfocament assistencialista. Aquesta transformaci\u00f3 es construeix amb la col\u00b7laboraci\u00f3 activa de professionals, entitats socials, administracions p\u00fabliques i l'\u00e0mbit acad\u00e8mic.\t\t\t\t\t<\/p>\n\t\t\t\t\n\t\t\t<\/div>\n\t\t\t\n\t\t<\/div>\n\t\t\t\t\t\t<\/div>\n\t\t\t\t<div class=\"elementor-element elementor-element-aa7a139 elementor-widget__width-initial elementor-widget elementor-widget-icon-box\" data-id=\"aa7a139\" data-element_type=\"widget\" data-e-type=\"widget\" data-widget_type=\"icon-box.default\">\n\t\t\t\t\t\t\t<div class=\"elementor-icon-box-wrapper\">\n\n\t\t\t\n\t\t\t\t\t\t<div class=\"elementor-icon-box-content\">\n\n\t\t\t\t\t\t\t\t\t<h3 class=\"elementor-icon-box-title\">\n\t\t\t\t\t\t<span  >\n\t\t\t\t\t\t\tUna nova cultura professional amb impacte social\t\t\t\t\t\t<\/span>\n\t\t\t\t\t<\/h3>\n\t\t\t\t\n\t\t\t\t\t\t\t\t\t<p class=\"elementor-icon-box-description\">\n\t\t\t\t\t\tTreballem per un lideratge professional comprom\u00e8s, \u00e8tic i transformador, que situ\u00ef la cura com un valor central. Apostem per la formaci\u00f3 cont\u00ednua, el reconeixement del talent i l'emerg\u00e8ncia de nous perfils adaptats als reptes actuals i futurs del sector de les cures.\t\t\t\t\t<\/p>\n\t\t\t\t\n\t\t\t<\/div>\n\t\t\t\n\t\t<\/div>\n\t\t\t\t\t\t<\/div>\n\t\t\t\t<div class=\"elementor-element elementor-element-43bf2a8 elementor-widget__width-initial elementor-widget elementor-widget-icon-box\" data-id=\"43bf2a8\" data-element_type=\"widget\" data-e-type=\"widget\" data-widget_type=\"icon-box.default\">\n\t\t\t\t\t\t\t<div class=\"elementor-icon-box-wrapper\">\n\n\t\t\t\n\t\t\t\t\t\t<div class=\"elementor-icon-box-content\">\n\n\t\t\t\t\t\t\t\t\t<h3 class=\"elementor-icon-box-title\">\n\t\t\t\t\t\t<span  >\n\t\t\t\t\t\t\tAliances per millorar els models d'atenci\u00f3\t\t\t\t\t\t<\/span>\n\t\t\t\t\t<\/h3>\n\t\t\t\t\n\t\t\t\t\t\t\t\t\t<p class=\"elementor-icon-box-description\">\n\t\t\t\t\t\tPromovem aliances estables amb entitats socials, administracions, agents comunitaris i iniciatives ciutadanes, generant una governan\u00e7a compartida que impulsi canvis reals. Creiem en el treball en xarxa com a via per assolir millores estructurals, sostenibilitat i innovaci\u00f3 en els models d'atenci\u00f3.\t\t\t\t\t<\/p>\n\t\t\t\t\n\t\t\t<\/div>\n\t\t\t\n\t\t<\/div>\n\t\t\t\t\t\t<\/div>\n\t\t\t\t<div class=\"elementor-element elementor-element-e9eee9e elementor-widget__width-initial elementor-widget elementor-widget-icon-box\" data-id=\"e9eee9e\" data-element_type=\"widget\" data-e-type=\"widget\" data-widget_type=\"icon-box.default\">\n\t\t\t\t\t\t\t<div class=\"elementor-icon-box-wrapper\">\n\n\t\t\t\n\t\t\t\t\t\t<div class=\"elementor-icon-box-content\">\n\n\t\t\t\t\t\t\t\t\t<h3 class=\"elementor-icon-box-title\">\n\t\t\t\t\t\t<span  >\n\t\t\t\t\t\t\tParticipaci\u00f3 activa i inclusi\u00f3 social\t\t\t\t\t\t<\/span>\n\t\t\t\t\t<\/h3>\n\t\t\t\t\n\t\t\t\t\t\t\t\t\t<p class=\"elementor-icon-box-description\">\n\t\t\t\t\t\tFomentem la participaci\u00f3 de les persones usu\u00e0ries i els col\u00b7lectius m\u00e9s vulnerables en els processos que els afecten. Escoltar les seves veus, recon\u00e8ixer la seva experi\u00e8ncia i garantir la seva pertinen\u00e7a social \u00e9s clau per avan\u00e7ar cap a una comunitat m\u00e9s inclusiva, equitativa i cohesionada.\t\t\t\t\t<\/p>\n\t\t\t\t\n\t\t\t<\/div>\n\t\t\t\n\t\t<\/div>\n\t\t\t\t\t\t<\/div>\n\t\t\t\t<div class=\"elementor-element elementor-element-e93c972 elementor-widget__width-initial elementor-widget elementor-widget-icon-box\" data-id=\"e93c972\" data-element_type=\"widget\" data-e-type=\"widget\" data-widget_type=\"icon-box.default\">\n\t\t\t\t\t\t\t<div class=\"elementor-icon-box-wrapper\">\n\n\t\t\t\n\t\t\t\t\t\t<div class=\"elementor-icon-box-content\">\n\n\t\t\t\t\t\t\t\t\t<h3 class=\"elementor-icon-box-title\">\n\t\t\t\t\t\t<span  >\n\t\t\t\t\t\t\tComprom\u00eds social i sensibilitzaci\u00f3\t\t\t\t\t\t<\/span>\n\t\t\t\t\t<\/h3>\n\t\t\t\t\n\t\t\t\t\t\t\t\t\t<p class=\"elementor-icon-box-description\">\n\t\t\t\t\t\tVolem contribuir a una transformaci\u00f3 cultural basada en la cura, la solidaritat i la sostenibilitat. Per aix\u00f2, desenvolupem accions de sensibilitzaci\u00f3, formaci\u00f3 i reflexi\u00f3 col\u00b7lectiva que inspiren una societat m\u00e9s justa, responsable i centrada en les persones.\t\t\t\t\t<\/p>\n\t\t\t\t\n\t\t\t<\/div>\n\t\t\t\n\t\t<\/div>\n\t\t\t\t\t\t<\/div>\n\t\t\t\t<\/div>\n\t\t<div class=\"elementor-element elementor-element-e4cfd2b e-con-full e-flex e-con e-child\" data-id=\"e4cfd2b\" data-element_type=\"container\" data-e-type=\"container\" data-settings=\"{&quot;background_background&quot;:&quot;slideshow&quot;,&quot;background_slideshow_transition_duration&quot;:3000,&quot;background_slideshow_gallery&quot;:[],&quot;background_slideshow_loop&quot;:&quot;yes&quot;,&quot;background_slideshow_slide_duration&quot;:5000,&quot;background_slideshow_slide_transition&quot;:&quot;fade&quot;}\">\n\t\t\t\t<div class=\"elementor-element elementor-element-d5c71fc sombra elementor-widget-tablet__width-initial elementor-widget elementor-widget-image\" data-id=\"d5c71fc\" data-element_type=\"widget\" data-e-type=\"widget\" data-widget_type=\"image.default\">\n\t\t\t\t\t\t\t\t\t\t\t\t\t\t\t<img fetchpriority=\"high\" decoding=\"async\" width=\"800\" height=\"800\" src=\"https:\/\/asisted.org\/wp-content\/uploads\/MD_R-copia-1024x1024.webp\" class=\"attachment-large size-large wp-image-38671\" alt=\"\" srcset=\"https:\/\/asisted.org\/wp-content\/uploads\/MD_R-copia-1024x1024.webp 1024w, https:\/\/asisted.org\/wp-content\/uploads\/MD_R-copia-300x300.webp 300w, https:\/\/asisted.org\/wp-content\/uploads\/MD_R-copia-150x150.webp 150w, https:\/\/asisted.org\/wp-content\/uploads\/MD_R-copia-768x768.webp 768w, https:\/\/asisted.org\/wp-content\/uploads\/MD_R-copia-1536x1536.webp 1536w, https:\/\/asisted.org\/wp-content\/uploads\/MD_R-copia.webp 1681w\" sizes=\"(max-width: 800px) 100vw, 800px\" \/>\t\t\t\t\t\t\t\t\t\t\t\t\t\t\t<\/div>\n\t\t\t\t<div class=\"elementor-element elementor-element-59d2041 sombra elementor-widget-tablet__width-initial elementor-widget elementor-widget-image\" data-id=\"59d2041\" data-element_type=\"widget\" data-e-type=\"widget\" data-widget_type=\"image.default\">\n\t\t\t\t\t\t\t\t\t\t\t\t\t\t\t<img decoding=\"async\" width=\"800\" height=\"459\" src=\"https:\/\/asisted.org\/wp-content\/uploads\/fund1-1024x588.webp\" class=\"attachment-large size-large wp-image-38667\" alt=\"\" srcset=\"https:\/\/asisted.org\/wp-content\/uploads\/fund1-1024x588.webp 1024w, https:\/\/asisted.org\/wp-content\/uploads\/fund1-300x172.webp 300w, https:\/\/asisted.org\/wp-content\/uploads\/fund1-768x441.webp 768w, https:\/\/asisted.org\/wp-content\/uploads\/fund1.webp 1476w\" sizes=\"(max-width: 800px) 100vw, 800px\" \/>\t\t\t\t\t\t\t\t\t\t\t\t\t\t\t<\/div>\n\t\t\t\t<div class=\"elementor-element elementor-element-7e34692 sombra elementor-widget-tablet__width-initial elementor-widget elementor-widget-image\" data-id=\"7e34692\" data-element_type=\"widget\" data-e-type=\"widget\" data-widget_type=\"image.default\">\n\t\t\t\t\t\t\t\t\t\t\t\t\t\t\t<img loading=\"lazy\" decoding=\"async\" width=\"800\" height=\"456\" src=\"https:\/\/asisted.org\/wp-content\/uploads\/fund2-1024x584.webp\" class=\"attachment-large size-large wp-image-38668\" alt=\"\" srcset=\"https:\/\/asisted.org\/wp-content\/uploads\/fund2-1024x584.webp 1024w, https:\/\/asisted.org\/wp-content\/uploads\/fund2-300x171.webp 300w, https:\/\/asisted.org\/wp-content\/uploads\/fund2-768x438.webp 768w, https:\/\/asisted.org\/wp-content\/uploads\/fund2.webp 1472w\" sizes=\"(max-width: 800px) 100vw, 800px\" \/>\t\t\t\t\t\t\t\t\t\t\t\t\t\t\t<\/div>\n\t\t\t\t<\/div>\n\t\t\t\t\t<\/div>\n\t\t\t\t<\/div>\n\t\t<div class=\"elementor-element elementor-element-2e69aa0 e-flex e-con-boxed e-con e-parent\" data-id=\"2e69aa0\" data-element_type=\"container\" data-e-type=\"container\">\n\t\t\t\t\t<div class=\"e-con-inner\">\n\t\t\t\t<div class=\"elementor-element elementor-element-e503db1 elementor-widget elementor-widget-heading\" data-id=\"e503db1\" data-element_type=\"widget\" data-e-type=\"widget\" data-settings=\"{&quot;motion_fx_motion_fx_scrolling&quot;:&quot;yes&quot;,&quot;motion_fx_opacity_effect&quot;:&quot;yes&quot;,&quot;motion_fx_opacity_range&quot;:{&quot;unit&quot;:&quot;%&quot;,&quot;size&quot;:&quot;&quot;,&quot;sizes&quot;:{&quot;start&quot;:20,&quot;end&quot;:50}},&quot;motion_fx_opacity_direction&quot;:&quot;out-in&quot;,&quot;motion_fx_opacity_level&quot;:{&quot;unit&quot;:&quot;px&quot;,&quot;size&quot;:10,&quot;sizes&quot;:[]},&quot;motion_fx_devices&quot;:[&quot;desktop&quot;,&quot;tablet&quot;,&quot;mobile&quot;]}\" data-widget_type=\"heading.default\">\n\t\t\t\t\t<span class=\"elementor-heading-title elementor-size-default\">Creiem que una altra manera de cuidar \u00e9s possible.\n<\/span>\t\t\t\t<\/div>\n\t\t\t\t<div class=\"elementor-element elementor-element-4282f65 elementor-widget elementor-widget-heading\" data-id=\"4282f65\" data-element_type=\"widget\" data-e-type=\"widget\" data-settings=\"{&quot;motion_fx_motion_fx_scrolling&quot;:&quot;yes&quot;,&quot;motion_fx_opacity_effect&quot;:&quot;yes&quot;,&quot;motion_fx_opacity_range&quot;:{&quot;unit&quot;:&quot;%&quot;,&quot;size&quot;:&quot;&quot;,&quot;sizes&quot;:{&quot;start&quot;:20,&quot;end&quot;:50}},&quot;motion_fx_opacity_direction&quot;:&quot;out-in&quot;,&quot;motion_fx_opacity_level&quot;:{&quot;unit&quot;:&quot;px&quot;,&quot;size&quot;:10,&quot;sizes&quot;:[]},&quot;motion_fx_devices&quot;:[&quot;desktop&quot;,&quot;tablet&quot;,&quot;mobile&quot;]}\" data-widget_type=\"heading.default\">\n\t\t\t\t\t<span class=\"elementor-heading-title elementor-size-default\">Una que posi en valor la dignitat, el vincle i la coresponsabilitat com a base del benestar col\u00b7lectiu.<\/span>\t\t\t\t<\/div>\n\t\t\t\t\t<\/div>\n\t\t\t\t<\/div>\n\t\t<div class=\"elementor-element elementor-element-adf404d e-flex e-con-boxed e-con e-parent\" data-id=\"adf404d\" data-element_type=\"container\" data-e-type=\"container\" data-settings=\"{&quot;background_background&quot;:&quot;classic&quot;}\">\n\t\t\t\t\t<div class=\"e-con-inner\">\n\t\t\t\t<div class=\"elementor-element elementor-element-81621a0 elementor-widget elementor-widget-heading\" data-id=\"81621a0\" data-element_type=\"widget\" data-e-type=\"widget\" data-settings=\"{&quot;motion_fx_motion_fx_scrolling&quot;:&quot;yes&quot;,&quot;motion_fx_opacity_effect&quot;:&quot;yes&quot;,&quot;motion_fx_opacity_range&quot;:{&quot;unit&quot;:&quot;%&quot;,&quot;size&quot;:&quot;&quot;,&quot;sizes&quot;:{&quot;start&quot;:20,&quot;end&quot;:50}},&quot;motion_fx_opacity_direction&quot;:&quot;out-in&quot;,&quot;motion_fx_opacity_level&quot;:{&quot;unit&quot;:&quot;px&quot;,&quot;size&quot;:10,&quot;sizes&quot;:[]},&quot;motion_fx_devices&quot;:[&quot;desktop&quot;,&quot;tablet&quot;,&quot;mobile&quot;]}\" data-widget_type=\"heading.default\">\n\t\t\t\t\t<span class=\"elementor-heading-title elementor-size-default\">Sou una entitat interessada a impulsar projectes compartits? <\/span>\t\t\t\t<\/div>\n\t\t\t\t<div class=\"elementor-element elementor-element-1d218a6 hojabut elementor-widget elementor-widget-button\" data-id=\"1d218a6\" data-element_type=\"widget\" data-e-type=\"widget\" data-widget_type=\"button.default\">\n\t\t\t\t\t\t\t\t\t\t<a class=\"elementor-button elementor-button-link elementor-size-sm\" href=\"#form\">\n\t\t\t\t\t\t<span class=\"elementor-button-content-wrapper\">\n\t\t\t\t\t\t<span class=\"elementor-button-icon\">\n\t\t\t\t<svg xmlns=\"http:\/\/www.w3.org\/2000\/svg\" id=\"Capa_2\" data-name=\"Capa 2\" viewBox=\"0 0 92.172 44.211\"><g id=\"Capa_2-2\" data-name=\"Capa 2\"><g id=\"Guides\"><path d=\"M90.016,1.721c-3.04-.78-4.6-1.01-8.11-1.31-4.64-.4-12.56-.67-22.35-.02-9.74.64-22.38,4.12-23.01,4.35-2.08,1.44-3.93,2.9-5.26,4.12-3.47,3.19-10.32,9.97-16.39,16.47-5.88,6.28-10.69,10.44-13.4,13.32-2.74,2.9-1.23,3.37.67,3.86,3.04.77,4.59,1.01,8.11,1.31,4.64.4,12.09.62,22.35.02,10.05-.59,16.07-2.28,20.7-3.74.8-.25,1.78-.59,2.91-1.04,1.83-1.3,3.45-2.6,4.65-3.7,3.47-3.18,10.32-9.96,16.4-16.46,5.87-6.28,10.68-10.45,13.39-13.33,2.74-2.9,1.23-3.37-.66-3.85ZM58.585,23.891h-10.7v10.85h-3.65v-10.85h-10.65v-3.55h10.65v-10.86h3.65v10.86h10.7v3.55Z\"><\/path><\/g><\/g><\/svg>\t\t\t<\/span>\n\t\t\t\t\t\t\t\t\t<span class=\"elementor-button-text\">Poseu-vos en contacte amb nosaltres<\/span>\n\t\t\t\t\t<\/span>\n\t\t\t\t\t<\/a>\n\t\t\t\t\t\t\t\t<\/div>\n\t\t\t\t\t<\/div>\n\t\t\t\t<\/div>\n\t\t<div class=\"elementor-element elementor-element-16a6035 e-flex e-con-boxed e-con e-parent\" data-id=\"16a6035\" data-element_type=\"container\" data-e-type=\"container\" id=\"form\">\n\t\t\t\t\t<div class=\"e-con-inner\">\n\t\t<div class=\"elementor-element elementor-element-aa99b1a e-con-full e-flex e-con e-child\" data-id=\"aa99b1a\" data-element_type=\"container\" data-e-type=\"container\" data-settings=\"{&quot;background_background&quot;:&quot;classic&quot;}\">\n\t\t\t\t<div class=\"elementor-element elementor-element-66188c3 elementor-button-align-stretch elementor-widget elementor-widget-global elementor-global-38781 elementor-global-37916 elementor-widget-form\" data-id=\"66188c3\" data-element_type=\"widget\" data-e-type=\"widget\" data-settings=\"{&quot;step_next_label&quot;:&quot;Seg\\u00fcent&quot;,&quot;step_previous_label&quot;:&quot;Anterior&quot;,&quot;button_width&quot;:&quot;100&quot;,&quot;step_type&quot;:&quot;number_text&quot;,&quot;step_icon_shape&quot;:&quot;circle&quot;}\" data-widget_type=\"form.default\">\n\t\t\t\t\t<template id=\"cfef_logic_data_66188c3\" class=\"cfef_logic_data_js\" data-form-id=\"66188c3\">{&quot;field_17b41ee&quot;:{&quot;display_mode&quot;:&quot;show&quot;,&quot;fire_action&quot;:&quot;All&quot;,&quot;file_types&quot;:&quot;png&quot;,&quot;logic_data&quot;:[{&quot;cfef_logic_field_id&quot;:&quot;field_c09c8ef&quot;,&quot;cfef_logic_field_is&quot;:&quot;==&quot;,&quot;cfef_logic_compare_value&quot;:&quot;Otro&quot;,&quot;_id&quot;:&quot;a2c2056&quot;}]},&quot;field_bfc6c17&quot;:{&quot;display_mode&quot;:&quot;show&quot;,&quot;fire_action&quot;:&quot;All&quot;,&quot;file_types&quot;:&quot;png&quot;,&quot;logic_data&quot;:[{&quot;cfef_logic_field_id&quot;:&quot;field_7af017b&quot;,&quot;cfef_logic_field_is&quot;:&quot;==&quot;,&quot;cfef_logic_compare_value&quot;:&quot;Otro&quot;,&quot;_id&quot;:&quot;a2c2056&quot;}]}}<\/template>\t\t<form class=\"elementor-form\" method=\"post\" name=\"Col\u00b7laboradors\" aria-label=\"Col\u00b7laboradors\">\n\t\t\t<input type=\"hidden\" name=\"post_id\" value=\"38663\"\/>\n\t\t\t<input type=\"hidden\" name=\"form_id\" value=\"66188c3\"\/>\n\t\t\t<input type=\"hidden\" name=\"referer_title\" value=\"\" \/>\n\n\t\t\t\n\t\t\t<div class=\"elementor-form-fields-wrapper elementor-labels-above\">\n\t\t\t\t\t\t\t\t<div class=\"elementor-field-type-text elementor-field-group elementor-column elementor-field-group-name elementor-col-100 elementor-field-required\">\n\t\t\t\t\t\t\t\t\t\t\t\t<label for=\"form-field-name\" class=\"elementor-field-label\">\n\t\t\t\t\t\t\t\tNom de l\u2019entitat\t\t\t\t\t\t\t<\/label>\n\t\t\t\t\t\t\t\t\t\t\t\t\t\t<input size=\"1\" type=\"text\" name=\"form_fields[name]\" id=\"form-field-name\" class=\"elementor-field elementor-size-md  elementor-field-textual\" placeholder=\"Nom de l\u2019entitat\" required=\"required\">\n\t\t\t\t\t\t\t\t\t\t\t<\/div>\n\t\t\t\t\t\t\t\t<div class=\"elementor-field-type-text elementor-field-group elementor-column elementor-field-group-field_11fdd6c elementor-col-50 elementor-field-required\">\n\t\t\t\t\t\t\t\t\t\t\t\t<label for=\"form-field-field_11fdd6c\" class=\"elementor-field-label\">\n\t\t\t\t\t\t\t\tPersona de contacte\t\t\t\t\t\t\t<\/label>\n\t\t\t\t\t\t\t\t\t\t\t\t\t\t<input size=\"1\" type=\"text\" name=\"form_fields[field_11fdd6c]\" id=\"form-field-field_11fdd6c\" class=\"elementor-field elementor-size-md  elementor-field-textual\" placeholder=\"Persona de contacte\" required=\"required\">\n\t\t\t\t\t\t\t\t\t\t\t<\/div>\n\t\t\t\t\t\t\t\t<div class=\"elementor-field-type-text elementor-field-group elementor-column elementor-field-group-field_69a9438 elementor-col-50 elementor-field-required\">\n\t\t\t\t\t\t\t\t\t\t\t\t<label for=\"form-field-field_69a9438\" class=\"elementor-field-label\">\n\t\t\t\t\t\t\t\tC\u00e0rrec a l\u2019entitat\t\t\t\t\t\t\t<\/label>\n\t\t\t\t\t\t\t\t\t\t\t\t\t\t<input size=\"1\" type=\"text\" name=\"form_fields[field_69a9438]\" id=\"form-field-field_69a9438\" class=\"elementor-field elementor-size-md  elementor-field-textual\" placeholder=\"C\u00e0rrec a l\u2019entitat\" required=\"required\">\n\t\t\t\t\t\t\t\t\t\t\t<\/div>\n\t\t\t\t\t\t\t\t<div class=\"elementor-field-type-email elementor-field-group elementor-column elementor-field-group-email elementor-col-50 elementor-field-required\">\n\t\t\t\t\t\t\t\t\t\t\t\t<label for=\"form-field-email\" class=\"elementor-field-label\">\n\t\t\t\t\t\t\t\tCorreu electr\u00f2nic\t\t\t\t\t\t\t<\/label>\n\t\t\t\t\t\t\t\t\t\t\t\t\t\t<input size=\"1\" type=\"email\" name=\"form_fields[email]\" id=\"form-field-email\" class=\"elementor-field elementor-size-md  elementor-field-textual\" placeholder=\"correu@electr\u00f2nic.com\" required=\"required\">\n\t\t\t\t\t\t\t\t\t\t\t<\/div>\n\t\t\t\t\t\t\t\t<div class=\"elementor-field-type-tel elementor-field-group elementor-column elementor-field-group-field_e77be18 elementor-col-50 elementor-field-required\">\n\t\t\t\t\t\t\t\t\t\t\t\t<label for=\"form-field-field_e77be18\" class=\"elementor-field-label\">\n\t\t\t\t\t\t\t\tTel\u00e8fon\t\t\t\t\t\t\t<\/label>\n\t\t\t\t\t\t\t\t<input size=\"1\" type=\"tel\" name=\"form_fields[field_e77be18]\" id=\"form-field-field_e77be18\" class=\"elementor-field elementor-size-md  elementor-field-textual\" placeholder=\"000000000\" required=\"required\" pattern=\"[0-9()#&amp;+*-=.]+\" title=\"Only numbers and phone characters (#, -, *, etc) are accepted.\">\n\n\t\t\t\t\t\t<\/div>\n\t\t\t\t\t\t\t\t<div class=\"elementor-field-type-select elementor-field-group elementor-column elementor-field-group-field_c09c8ef elementor-col-100 elementor-field-required\">\n\t\t\t\t\t\t\t\t\t\t\t\t<label for=\"form-field-field_c09c8ef\" class=\"elementor-field-label\">\n\t\t\t\t\t\t\t\t\u00c0mbit de l\u2019entitat\t\t\t\t\t\t\t<\/label>\n\t\t\t\t\t\t\t\t<div class=\"elementor-field elementor-select-wrapper remove-before \">\n\t\t\t<div class=\"select-caret-down-wrapper\">\n\t\t\t\t<svg aria-hidden=\"true\" class=\"e-font-icon-svg e-eicon-caret-down\" viewBox=\"0 0 571.4 571.4\" xmlns=\"http:\/\/www.w3.org\/2000\/svg\"><path d=\"M571 393Q571 407 561 418L311 668Q300 679 286 679T261 668L11 418Q0 407 0 393T11 368 36 357H536Q550 357 561 368T571 393Z\"><\/path><\/svg>\t\t\t<\/div>\n\t\t\t<select name=\"form_fields[field_c09c8ef]\" id=\"form-field-field_c09c8ef\" class=\"elementor-field-textual elementor-size-md\" required=\"required\">\n\t\t\t\t\t\t\t\t\t<option value=\"\">Selecciona una opci\u00f3 <\/option>\n\t\t\t\t\t\t\t\t\t<option value=\"Social\">Social<\/option>\n\t\t\t\t\t\t\t\t\t<option value=\"Sanitari\">Sanitari<\/option>\n\t\t\t\t\t\t\t\t\t<option value=\"Fundaci\u00f3 \/ Associaci\u00f3\">Fundaci\u00f3 \/ Associaci\u00f3<\/option>\n\t\t\t\t\t\t\t\t\t<option value=\"Administraci\u00f3 p\u00fablica\">Administraci\u00f3 p\u00fablica<\/option>\n\t\t\t\t\t\t\t\t\t<option value=\"Empresa privada\">Empresa privada<\/option>\n\t\t\t\t\t\t\t\t\t<option value=\"Altres\">Altres<\/option>\n\t\t\t\t\t\t\t<\/select>\n\t\t<\/div>\n\t\t\t\t\t\t<\/div>\n\t\t\t\t\t\t\t\t<div class=\"elementor-field-type-text elementor-field-group elementor-column elementor-field-group-field_17b41ee elementor-col-100 elementor-field-required\">\n\t\t\t\t\t\t\t\t\t\t\t\t<label for=\"form-field-field_17b41ee\" class=\"elementor-field-label\">\n\t\t\t\t\t\t\t\tEspecifica l\u2019\u00e0mbit de l\u2019entitat\t\t\t\t\t\t\t<\/label>\n\t\t\t\t\t\t\t\t\t\t\t\t\t\t<input size=\"1\" type=\"text\" name=\"form_fields[field_17b41ee]\" id=\"form-field-field_17b41ee\" class=\"elementor-field elementor-size-md  elementor-field-textual\" placeholder=\"Introdueix l\u2019\u00e0mbit de l\u2019entitat\" required=\"required\">\n\t\t\t\t\t\t\t\t\t\t\t<\/div>\n\t\t\t\t\t\t\t\t<div class=\"elementor-field-type-checkbox elementor-field-group elementor-column elementor-field-group-field_7af017b elementor-col-100\">\n\t\t\t\t\t\t\t\t\t\t\t\t<label for=\"form-field-field_7af017b\" class=\"elementor-field-label\">\n\t\t\t\t\t\t\t\tTipus de col\u00b7laboraci\u00f3 que us interessa\t\t\t\t\t\t\t<\/label>\n\t\t\t\t\t\t<div class=\"elementor-field-subgroup  \"><span class=\"elementor-field-option\"><input type=\"checkbox\" value=\"Generar oportunitats per a les persones ateses i les seves fam\u00edlies\" id=\"form-field-field_7af017b-0\" name=\"form_fields[field_7af017b][]\"> <label for=\"form-field-field_7af017b-0\">Generar oportunitats per a les persones ateses i les seves fam\u00edlies<\/label><\/span><span class=\"elementor-field-option\"><input type=\"checkbox\" value=\"Participar en accions conjuntes i xarxes de suport\" id=\"form-field-field_7af017b-1\" name=\"form_fields[field_7af017b][]\"> <label for=\"form-field-field_7af017b-1\">Participar en accions conjuntes i xarxes de suport<\/label><\/span><span class=\"elementor-field-option\"><input type=\"checkbox\" value=\"Compartir coneixement i bones pr\u00e0ctiques\" id=\"form-field-field_7af017b-2\" name=\"form_fields[field_7af017b][]\"> <label for=\"form-field-field_7af017b-2\">Compartir coneixement i bones pr\u00e0ctiques<\/label><\/span><span class=\"elementor-field-option\"><input type=\"checkbox\" value=\"Altres\" id=\"form-field-field_7af017b-3\" name=\"form_fields[field_7af017b][]\"> <label for=\"form-field-field_7af017b-3\">Altres<\/label><\/span><\/div>\t\t\t\t<\/div>\n\t\t\t\t\t\t\t\t<div class=\"elementor-field-type-text elementor-field-group elementor-column elementor-field-group-field_bfc6c17 elementor-col-100 elementor-field-required\">\n\t\t\t\t\t\t\t\t\t\t\t\t<label for=\"form-field-field_bfc6c17\" class=\"elementor-field-label\">\n\t\t\t\t\t\t\t\tEspecifica el tipus de col\u00b7laboraci\u00f3 que us interessa\t\t\t\t\t\t\t<\/label>\n\t\t\t\t\t\t\t\t\t\t\t\t\t\t<input size=\"1\" type=\"text\" name=\"form_fields[field_bfc6c17]\" id=\"form-field-field_bfc6c17\" class=\"elementor-field elementor-size-md  elementor-field-textual\" placeholder=\"Introdueix el tipus de col\u00b7laboraci\u00f3\" required=\"required\">\n\t\t\t\t\t\t\t\t\t\t\t<\/div>\n\t\t\t\t\t\t\t\t<div class=\"elementor-field-type-textarea elementor-field-group elementor-column elementor-field-group-field_0b85c9f elementor-col-100 elementor-field-required\">\n\t\t\t\t\t\t\t\t\t\t\t\t<label for=\"form-field-field_0b85c9f\" class=\"elementor-field-label\">\n\t\t\t\t\t\t\t\tDetalls de la proposta o inter\u00e8s\t\t\t\t\t\t\t<\/label>\n\t\t\t\t\t\t<textarea class=\"elementor-field-textual elementor-field  elementor-size-md\" name=\"form_fields[field_0b85c9f]\" id=\"form-field-field_0b85c9f\" rows=\"4\" placeholder=\"Afegeix m\u00e9s informaci\u00f3 sobre la teva proposta.\" required=\"required\"><\/textarea>\t\t\t\t<\/div>\n\t\t\t\t\t\t\t\t<div class=\"elementor-field-type-acceptance elementor-field-group elementor-column elementor-field-group-field_f02b654 elementor-col-100 elementor-field-required\">\n\t\t\t\t\t\t\t\t\t\t\t\t<label for=\"form-field-field_f02b654\" class=\"elementor-field-label\">\n\t\t\t\t\t\t\t\tPol\u00edtica de privacitat\t\t\t\t\t\t\t<\/label>\n\t\t\t\t\t\t\t\t<div class=\"elementor-field-subgroup\">\n\t\t\t<span class=\"elementor-field-option\">\n\t\t\t\t<input type=\"checkbox\" name=\"form_fields[field_f02b654]\" id=\"form-field-field_f02b654\" class=\"elementor-field elementor-size-md  elementor-acceptance-field\" required=\"required\">\n\t\t\t\t<label for=\"form-field-field_f02b654\">He llegit i accepto la <a href=\"https:\/\/asisted.org\/ca\/politica-de-privacitat\/\" target=\"_blank\">Pol\u00edtica de privacitat.<\/a><\/label>\t\t\t<\/span>\n\t\t<\/div>\n\t\t\t\t\t\t<\/div>\n\t\t\t\t\t\t\t\t<div class=\"elementor-field-type-acceptance elementor-field-group elementor-column elementor-field-group-field_83cb4ed elementor-col-100\">\n\t\t\t\t\t\t\t\t\t\t\t\t<label for=\"form-field-field_83cb4ed\" class=\"elementor-field-label\">\n\t\t\t\t\t\t\t\tNewsletter\t\t\t\t\t\t\t<\/label>\n\t\t\t\t\t\t\t\t<div class=\"elementor-field-subgroup\">\n\t\t\t<span class=\"elementor-field-option\">\n\t\t\t\t<input type=\"checkbox\" name=\"form_fields[field_83cb4ed]\" id=\"form-field-field_83cb4ed\" class=\"elementor-field elementor-size-md  elementor-acceptance-field\">\n\t\t\t\t<label for=\"form-field-field_83cb4ed\">Vull rebre el butllet\u00ed mensual d\u2019ASISTED<\/label>\t\t\t<\/span>\n\t\t<\/div>\n\t\t\t\t\t\t<\/div>\n\t\t\t\t\t\t\t\t<div class=\"elementor-field-type-hidden elementor-field-group elementor-column elementor-field-group-field_bd7c415 elementor-col-100\">\n\t\t\t\t\t\t\t\t\t\t\t\t\t<input size=\"1\" type=\"hidden\" name=\"form_fields[field_bd7c415]\" id=\"form-field-field_bd7c415\" class=\"elementor-field elementor-size-md  elementor-field-textual\" value=\"Fundaci\u00f3\">\n\t\t\t\t\t\t\t\t\t\t\t<\/div>\n\t\t\t\t\t\t\t\t<div class=\"elementor-field-type-recaptcha_v3 elementor-field-group elementor-column elementor-field-group-field_703d4bf elementor-col-100 recaptcha_v3-bottomleft\">\n\t\t\t\t\t<div class=\"elementor-field\" id=\"form-field-field_703d4bf\"><div class=\"elementor-g-recaptcha\" data-sitekey=\"6LfOQOErAAAAADXqHRxAG_xNI5e9pj77lEl0Rz3T\" data-type=\"v3\" data-action=\"Form\" data-badge=\"bottomleft\" data-size=\"invisible\"><\/div><\/div>\t\t\t\t<\/div>\n\t\t\t\t\t\t\t\t<div class=\"elementor-field-group elementor-column elementor-field-type-submit elementor-col-100 e-form__buttons\">\n\t\t\t\t\t<button class=\"elementor-button elementor-size-sm\" type=\"submit\">\n\t\t\t\t\t\t<span class=\"elementor-button-content-wrapper\">\n\t\t\t\t\t\t\t\t\t\t\t\t\t\t\t\t\t\t\t\t\t\t<span class=\"elementor-button-text\">Enviar<\/span>\n\t\t\t\t\t\t\t\t\t\t\t\t\t<\/span>\n\t\t\t\t\t<\/button>\n\t\t\t\t<\/div>\n\t\t\t<\/div>\n\t\t<\/form>\n\t\t\t\t\t\t<\/div>\n\t\t\t\t<\/div>\n\t\t\t\t\t<\/div>\n\t\t\t\t<\/div>\n\t\t<div class=\"elementor-element elementor-element-83c12e4 e-flex e-con-boxed e-con e-parent\" data-id=\"83c12e4\" data-element_type=\"container\" data-e-type=\"container\" data-settings=\"{&quot;background_background&quot;:&quot;classic&quot;}\">\n\t\t\t\t\t<div class=\"e-con-inner\">\n\t\t\t\t\t<\/div>\n\t\t\t\t<\/div>\n\t\t\t\t<\/div>\n\t\t","protected":false},"excerpt":{"rendered":"<p>FUNDACI\u00d3 ASISTED La Fundaci\u00f3 ASISTED treballa per impulsar un nou model de cures, m\u00e9s just, hum\u00e0 i connectat amb les persones i els seus entorns. Prop\u00f2sit La Fundaci\u00f3 ASISTED neix amb un prop\u00f2sit clar: transformar i innovar el model de cures a les persones des de la proximitat, el respecte, la confian\u00e7a i la participaci\u00f3. [&hellip;]<\/p>\n","protected":false},"author":4,"featured_media":0,"parent":0,"menu_order":0,"comment_status":"closed","ping_status":"closed","template":"","meta":{"_acf_changed":false,"footnotes":""},"class_list":["post-38663","page","type-page","status-publish","hentry"],"acf":[],"_links":{"self":[{"href":"https:\/\/asisted.org\/ca\/wp-json\/wp\/v2\/pages\/38663","targetHints":{"allow":["GET"]}}],"collection":[{"href":"https:\/\/asisted.org\/ca\/wp-json\/wp\/v2\/pages"}],"about":[{"href":"https:\/\/asisted.org\/ca\/wp-json\/wp\/v2\/types\/page"}],"author":[{"embeddable":true,"href":"https:\/\/asisted.org\/ca\/wp-json\/wp\/v2\/users\/4"}],"replies":[{"embeddable":true,"href":"https:\/\/asisted.org\/ca\/wp-json\/wp\/v2\/comments?post=38663"}],"version-history":[{"count":6,"href":"https:\/\/asisted.org\/ca\/wp-json\/wp\/v2\/pages\/38663\/revisions"}],"predecessor-version":[{"id":39657,"href":"https:\/\/asisted.org\/ca\/wp-json\/wp\/v2\/pages\/38663\/revisions\/39657"}],"wp:attachment":[{"href":"https:\/\/asisted.org\/ca\/wp-json\/wp\/v2\/media?parent=38663"}],"curies":[{"name":"wp","href":"https:\/\/api.w.org\/{rel}","templated":true}]}}