{"id":38651,"date":"2025-10-15T10:58:34","date_gmt":"2025-10-15T09:58:34","guid":{"rendered":"https:\/\/asisted.org\/preguntes-frequents\/"},"modified":"2026-03-09T10:23:55","modified_gmt":"2026-03-09T09:23:55","slug":"preguntes-frequents","status":"publish","type":"page","link":"https:\/\/asisted.org\/ca\/preguntes-frequents\/","title":{"rendered":"Preguntes freq\u00fcents"},"content":{"rendered":"\t\t<div data-elementor-type=\"wp-page\" data-elementor-id=\"38651\" class=\"elementor elementor-38651 elementor-38071\" data-elementor-post-type=\"page\">\n\t\t\t\t<div class=\"elementor-element elementor-element-1a234e4 e-flex e-con-boxed e-con e-parent\" data-id=\"1a234e4\" data-element_type=\"container\" data-e-type=\"container\">\n\t\t\t\t\t<div class=\"e-con-inner\">\n\t\t<div class=\"elementor-element elementor-element-fa198a2 e-con-full e-flex e-con e-child\" data-id=\"fa198a2\" data-element_type=\"container\" data-e-type=\"container\">\n\t\t\t\t<div class=\"elementor-element elementor-element-bdb570b elementor-invisible elementor-widget elementor-widget-heading\" data-id=\"bdb570b\" data-element_type=\"widget\" data-e-type=\"widget\" data-settings=\"{&quot;_animation&quot;:&quot;fadeIn&quot;}\" data-widget_type=\"heading.default\">\n\t\t\t\t\t<h1 class=\"elementor-heading-title elementor-size-default\">Preguntes freq\u00fcents<\/h1>\t\t\t\t<\/div>\n\t\t\t\t<div class=\"elementor-element elementor-element-94d00e0 elementor-widget elementor-widget-n-accordion\" data-id=\"94d00e0\" data-element_type=\"widget\" data-e-type=\"widget\" data-settings=\"{&quot;default_state&quot;:&quot;all_collapsed&quot;,&quot;n_accordion_animation_duration&quot;:{&quot;unit&quot;:&quot;ms&quot;,&quot;size&quot;:200,&quot;sizes&quot;:[]},&quot;max_items_expended&quot;:&quot;one&quot;}\" data-widget_type=\"nested-accordion.default\">\n\t\t\t\t\t\t\t<div class=\"e-n-accordion\" aria-label=\"Accordion. Open links with Enter or Space, close with Escape, and navigate with Arrow Keys\">\n\t\t\t\t\t\t<details id=\"e-n-accordion-item-1560\" class=\"e-n-accordion-item\" >\n\t\t\t\t<summary class=\"e-n-accordion-item-title\" data-accordion-index=\"1\" tabindex=\"0\" aria-expanded=\"false\" aria-controls=\"e-n-accordion-item-1560\" >\n\t\t\t\t\t<span class='e-n-accordion-item-title-header'><div class=\"e-n-accordion-item-title-text\"> 1. Quins serveis assistencials ofereix ASISTED? <\/div><\/span>\n\t\t\t\t\t\t\t<span class='e-n-accordion-item-title-icon'>\n\t\t\t<span class='e-opened' ><svg aria-hidden=\"true\" class=\"e-font-icon-svg e-fas-minus\" viewBox=\"0 0 448 512\" xmlns=\"http:\/\/www.w3.org\/2000\/svg\"><path d=\"M416 208H32c-17.67 0-32 14.33-32 32v32c0 17.67 14.33 32 32 32h384c17.67 0 32-14.33 32-32v-32c0-17.67-14.33-32-32-32z\"><\/path><\/svg><\/span>\n\t\t\t<span class='e-closed'><svg aria-hidden=\"true\" class=\"e-font-icon-svg e-fas-plus\" viewBox=\"0 0 448 512\" xmlns=\"http:\/\/www.w3.org\/2000\/svg\"><path d=\"M416 208H272V64c0-17.67-14.33-32-32-32h-32c-17.67 0-32 14.33-32 32v144H32c-17.67 0-32 14.33-32 32v32c0 17.67 14.33 32 32 32h144v144c0 17.67 14.33 32 32 32h32c17.67 0 32-14.33 32-32V304h144c17.67 0 32-14.33 32-32v-32c0-17.67-14.33-32-32-32z\"><\/path><\/svg><\/span>\n\t\t<\/span>\n\n\t\t\t\t\t\t<\/summary>\n\t\t\t\t<div role=\"region\" aria-labelledby=\"e-n-accordion-item-1560\" class=\"elementor-element elementor-element-737db59 e-con-full e-flex e-con e-child\" data-id=\"737db59\" data-element_type=\"container\" data-e-type=\"container\" data-settings=\"{&quot;background_background&quot;:&quot;classic&quot;}\">\n\t\t\t\t<div class=\"elementor-element elementor-element-bf1c3ab elementor-widget elementor-widget-text-editor\" data-id=\"bf1c3ab\" data-element_type=\"widget\" data-e-type=\"widget\" data-widget_type=\"text-editor.default\">\n\t\t\t\t\t\t\t\t\t<p><span data-teams=\"true\">Des de 1980 prestem serveis d\u2019acompanyament i assist\u00e8ncia integral a persones en situaci\u00f3 de vulnerabilitat, depend\u00e8ncia i\/o discapacitat. Els nostres serveis abasten des d\u2019ajuda personal di\u00e0ria, acompanyaments fora de casa, suport emocional continu, cura de la llar, connexi\u00f3 amb la comunitat, sempre respectant el projecte de vida de la persona atesa i les seves prefer\u00e8ncies personals..\u00a0<\/span><\/p>\t\t\t\t\t\t\t\t<\/div>\n\t\t\t\t<\/div>\n\t\t\t\t\t<\/details>\n\t\t\t\t\t\t<details id=\"e-n-accordion-item-1561\" class=\"e-n-accordion-item\" >\n\t\t\t\t<summary class=\"e-n-accordion-item-title\" data-accordion-index=\"2\" tabindex=\"-1\" aria-expanded=\"false\" aria-controls=\"e-n-accordion-item-1561\" >\n\t\t\t\t\t<span class='e-n-accordion-item-title-header'><div class=\"e-n-accordion-item-title-text\"> 2. Qu\u00e8 diferencia ASISTED d\u2019altres models de cures? <\/div><\/span>\n\t\t\t\t\t\t\t<span class='e-n-accordion-item-title-icon'>\n\t\t\t<span class='e-opened' ><svg aria-hidden=\"true\" class=\"e-font-icon-svg e-fas-minus\" viewBox=\"0 0 448 512\" xmlns=\"http:\/\/www.w3.org\/2000\/svg\"><path d=\"M416 208H32c-17.67 0-32 14.33-32 32v32c0 17.67 14.33 32 32 32h384c17.67 0 32-14.33 32-32v-32c0-17.67-14.33-32-32-32z\"><\/path><\/svg><\/span>\n\t\t\t<span class='e-closed'><svg aria-hidden=\"true\" class=\"e-font-icon-svg e-fas-plus\" viewBox=\"0 0 448 512\" xmlns=\"http:\/\/www.w3.org\/2000\/svg\"><path d=\"M416 208H272V64c0-17.67-14.33-32-32-32h-32c-17.67 0-32 14.33-32 32v144H32c-17.67 0-32 14.33-32 32v32c0 17.67 14.33 32 32 32h144v144c0 17.67 14.33 32 32 32h32c17.67 0 32-14.33 32-32V304h144c17.67 0 32-14.33 32-32v-32c0-17.67-14.33-32-32-32z\"><\/path><\/svg><\/span>\n\t\t<\/span>\n\n\t\t\t\t\t\t<\/summary>\n\t\t\t\t<div role=\"region\" aria-labelledby=\"e-n-accordion-item-1561\" class=\"elementor-element elementor-element-2a0bfdc e-con-full e-flex e-con e-child\" data-id=\"2a0bfdc\" data-element_type=\"container\" data-e-type=\"container\" data-settings=\"{&quot;background_background&quot;:&quot;classic&quot;}\">\n\t\t\t\t<div class=\"elementor-element elementor-element-277eeb6 elementor-widget elementor-widget-text-editor\" data-id=\"277eeb6\" data-element_type=\"widget\" data-e-type=\"widget\" data-widget_type=\"text-editor.default\">\n\t\t\t\t\t\t\t\t\t<p>La nostra tasca es basa en el model d\u2019atenci\u00f3 integral centrada en la persona (AICP). Aix\u00f2 significa que no nom\u00e9s cuidem, sin\u00f3 que acompanyem respectant les decisions de cada persona i fomentant la seva relaci\u00f3 amb la fam\u00edlia i la comunitat. El nostre objectiu \u00e9s que cada persona pugui viure el m\u00e0xim temps possible de manera aut\u00f2noma i digna, essent protagonista del seu propi projecte de vida. A ASISTED posem el focus en la persona, oferint un acompanyament que combina la cura assistencial amb la intervenci\u00f3 social i comunit\u00e0ria.<\/p>\t\t\t\t\t\t\t\t<\/div>\n\t\t\t\t<\/div>\n\t\t\t\t\t<\/details>\n\t\t\t\t\t\t<details id=\"e-n-accordion-item-1562\" class=\"e-n-accordion-item\" >\n\t\t\t\t<summary class=\"e-n-accordion-item-title\" data-accordion-index=\"3\" tabindex=\"-1\" aria-expanded=\"false\" aria-controls=\"e-n-accordion-item-1562\" >\n\t\t\t\t\t<span class='e-n-accordion-item-title-header'><div class=\"e-n-accordion-item-title-text\"> 3. Qui forma part de l\u2019equip d\u2019ASISTED? <\/div><\/span>\n\t\t\t\t\t\t\t<span class='e-n-accordion-item-title-icon'>\n\t\t\t<span class='e-opened' ><svg aria-hidden=\"true\" class=\"e-font-icon-svg e-fas-minus\" viewBox=\"0 0 448 512\" xmlns=\"http:\/\/www.w3.org\/2000\/svg\"><path d=\"M416 208H32c-17.67 0-32 14.33-32 32v32c0 17.67 14.33 32 32 32h384c17.67 0 32-14.33 32-32v-32c0-17.67-14.33-32-32-32z\"><\/path><\/svg><\/span>\n\t\t\t<span class='e-closed'><svg aria-hidden=\"true\" class=\"e-font-icon-svg e-fas-plus\" viewBox=\"0 0 448 512\" xmlns=\"http:\/\/www.w3.org\/2000\/svg\"><path d=\"M416 208H272V64c0-17.67-14.33-32-32-32h-32c-17.67 0-32 14.33-32 32v144H32c-17.67 0-32 14.33-32 32v32c0 17.67 14.33 32 32 32h144v144c0 17.67 14.33 32 32 32h32c17.67 0 32-14.33 32-32V304h144c17.67 0 32-14.33 32-32v-32c0-17.67-14.33-32-32-32z\"><\/path><\/svg><\/span>\n\t\t<\/span>\n\n\t\t\t\t\t\t<\/summary>\n\t\t\t\t<div role=\"region\" aria-labelledby=\"e-n-accordion-item-1562\" class=\"elementor-element elementor-element-ed6ab9c e-con-full e-flex e-con e-child\" data-id=\"ed6ab9c\" data-element_type=\"container\" data-e-type=\"container\" data-settings=\"{&quot;background_background&quot;:&quot;classic&quot;}\">\n\t\t\t\t<div class=\"elementor-element elementor-element-88f94a8 elementor-widget elementor-widget-text-editor\" data-id=\"88f94a8\" data-element_type=\"widget\" data-e-type=\"widget\" data-widget_type=\"text-editor.default\">\n\t\t\t\t\t\t\t\t\t<p>Comptem amb un equip professional propi, contractat en plantilla, amb experi\u00e8ncia i titulaci\u00f3 homologada. Despr\u00e9s d\u2019una valoraci\u00f3 inicial de les necessitats del servei, seleccionem la persona cuidadora que millor s\u2019ajusta (segons experi\u00e8ncia i compet\u00e8ncies professionals) a cada cas, assegurant la continu\u00eftat, estabilitat i la tranquil\u00b7litat de la fam\u00edlia.<\/p>\t\t\t\t\t\t\t\t<\/div>\n\t\t\t\t<\/div>\n\t\t\t\t\t<\/details>\n\t\t\t\t\t\t<details id=\"e-n-accordion-item-1563\" class=\"e-n-accordion-item\" >\n\t\t\t\t<summary class=\"e-n-accordion-item-title\" data-accordion-index=\"4\" tabindex=\"-1\" aria-expanded=\"false\" aria-controls=\"e-n-accordion-item-1563\" >\n\t\t\t\t\t<span class='e-n-accordion-item-title-header'><div class=\"e-n-accordion-item-title-text\"> 4. Puc sol\u00b7licitar els serveis d\u2019ASISTED a trav\u00e9s de la Llei de Depend\u00e8ncia? <\/div><\/span>\n\t\t\t\t\t\t\t<span class='e-n-accordion-item-title-icon'>\n\t\t\t<span class='e-opened' ><svg aria-hidden=\"true\" class=\"e-font-icon-svg e-fas-minus\" viewBox=\"0 0 448 512\" xmlns=\"http:\/\/www.w3.org\/2000\/svg\"><path d=\"M416 208H32c-17.67 0-32 14.33-32 32v32c0 17.67 14.33 32 32 32h384c17.67 0 32-14.33 32-32v-32c0-17.67-14.33-32-32-32z\"><\/path><\/svg><\/span>\n\t\t\t<span class='e-closed'><svg aria-hidden=\"true\" class=\"e-font-icon-svg e-fas-plus\" viewBox=\"0 0 448 512\" xmlns=\"http:\/\/www.w3.org\/2000\/svg\"><path d=\"M416 208H272V64c0-17.67-14.33-32-32-32h-32c-17.67 0-32 14.33-32 32v144H32c-17.67 0-32 14.33-32 32v32c0 17.67 14.33 32 32 32h144v144c0 17.67 14.33 32 32 32h32c17.67 0 32-14.33 32-32V304h144c17.67 0 32-14.33 32-32v-32c0-17.67-14.33-32-32-32z\"><\/path><\/svg><\/span>\n\t\t<\/span>\n\n\t\t\t\t\t\t<\/summary>\n\t\t\t\t<div role=\"region\" aria-labelledby=\"e-n-accordion-item-1563\" class=\"elementor-element elementor-element-aa00536 e-con-full e-flex e-con e-child\" data-id=\"aa00536\" data-element_type=\"container\" data-e-type=\"container\" data-settings=\"{&quot;background_background&quot;:&quot;classic&quot;}\">\n\t\t\t\t<div class=\"elementor-element elementor-element-7f4d0f3 elementor-widget elementor-widget-text-editor\" data-id=\"7f4d0f3\" data-element_type=\"widget\" data-e-type=\"widget\" data-widget_type=\"text-editor.default\">\n\t\t\t\t\t\t\t\t\t<p>S\u00ed, ASISTED forma part de la cartera de Serveis Socials p\u00fablics i \u00e9s una entitat acreditada per a la gesti\u00f3 del SAD PEV (Prestaci\u00f3 econ\u00f2mica vinculada) i de l\u2019Ajuda econ\u00f2mica per a la persona cuidadora de l\u2019entorn familiar.<\/p><p>Podem orientar-te durant tot el proc\u00e9s: des de la gesti\u00f3 i tramitaci\u00f3 de la sol\u00b7licitud del reconeixement del Grau de Depend\u00e8ncia, del Reconeixement de Discapacitat, aix\u00ed com d\u2019altres recursos p\u00fablics, amb total tranquil\u00b7litat..<\/p>\t\t\t\t\t\t\t\t<\/div>\n\t\t\t\t<\/div>\n\t\t\t\t\t<\/details>\n\t\t\t\t\t\t<details id=\"e-n-accordion-item-1564\" class=\"e-n-accordion-item\" >\n\t\t\t\t<summary class=\"e-n-accordion-item-title\" data-accordion-index=\"5\" tabindex=\"-1\" aria-expanded=\"false\" aria-controls=\"e-n-accordion-item-1564\" >\n\t\t\t\t\t<span class='e-n-accordion-item-title-header'><div class=\"e-n-accordion-item-title-text\"> 5. El servei es presta nom\u00e9s al domicili? <\/div><\/span>\n\t\t\t\t\t\t\t<span class='e-n-accordion-item-title-icon'>\n\t\t\t<span class='e-opened' ><svg aria-hidden=\"true\" class=\"e-font-icon-svg e-fas-minus\" viewBox=\"0 0 448 512\" xmlns=\"http:\/\/www.w3.org\/2000\/svg\"><path d=\"M416 208H32c-17.67 0-32 14.33-32 32v32c0 17.67 14.33 32 32 32h384c17.67 0 32-14.33 32-32v-32c0-17.67-14.33-32-32-32z\"><\/path><\/svg><\/span>\n\t\t\t<span class='e-closed'><svg aria-hidden=\"true\" class=\"e-font-icon-svg e-fas-plus\" viewBox=\"0 0 448 512\" xmlns=\"http:\/\/www.w3.org\/2000\/svg\"><path d=\"M416 208H272V64c0-17.67-14.33-32-32-32h-32c-17.67 0-32 14.33-32 32v144H32c-17.67 0-32 14.33-32 32v32c0 17.67 14.33 32 32 32h144v144c0 17.67 14.33 32 32 32h32c17.67 0 32-14.33 32-32V304h144c17.67 0 32-14.33 32-32v-32c0-17.67-14.33-32-32-32z\"><\/path><\/svg><\/span>\n\t\t<\/span>\n\n\t\t\t\t\t\t<\/summary>\n\t\t\t\t<div role=\"region\" aria-labelledby=\"e-n-accordion-item-1564\" class=\"elementor-element elementor-element-af56d4f e-con-full e-flex e-con e-child\" data-id=\"af56d4f\" data-element_type=\"container\" data-e-type=\"container\" data-settings=\"{&quot;background_background&quot;:&quot;classic&quot;}\">\n\t\t\t\t<div class=\"elementor-element elementor-element-5f3d351 elementor-widget elementor-widget-text-editor\" data-id=\"5f3d351\" data-element_type=\"widget\" data-e-type=\"widget\" data-widget_type=\"text-editor.default\">\n\t\t\t\t\t\t\t\t\t<p>No. Els nostres serveis s\u00f3n flexibles i adaptables a diferents entorns: a casa, a hospitals o a centres sociosanitaris, segons el que cada persona i la seva fam\u00edlia necessitin en cada moment.<\/p>\t\t\t\t\t\t\t\t<\/div>\n\t\t\t\t<\/div>\n\t\t\t\t\t<\/details>\n\t\t\t\t\t\t<details id=\"e-n-accordion-item-1565\" class=\"e-n-accordion-item\" >\n\t\t\t\t<summary class=\"e-n-accordion-item-title\" data-accordion-index=\"6\" tabindex=\"-1\" aria-expanded=\"false\" aria-controls=\"e-n-accordion-item-1565\" >\n\t\t\t\t\t<span class='e-n-accordion-item-title-header'><div class=\"e-n-accordion-item-title-text\"> 6. Com \u00e9s el proc\u00e9s de contractaci\u00f3 dels serveis? <\/div><\/span>\n\t\t\t\t\t\t\t<span class='e-n-accordion-item-title-icon'>\n\t\t\t<span class='e-opened' ><svg aria-hidden=\"true\" class=\"e-font-icon-svg e-fas-minus\" viewBox=\"0 0 448 512\" xmlns=\"http:\/\/www.w3.org\/2000\/svg\"><path d=\"M416 208H32c-17.67 0-32 14.33-32 32v32c0 17.67 14.33 32 32 32h384c17.67 0 32-14.33 32-32v-32c0-17.67-14.33-32-32-32z\"><\/path><\/svg><\/span>\n\t\t\t<span class='e-closed'><svg aria-hidden=\"true\" class=\"e-font-icon-svg e-fas-plus\" viewBox=\"0 0 448 512\" xmlns=\"http:\/\/www.w3.org\/2000\/svg\"><path d=\"M416 208H272V64c0-17.67-14.33-32-32-32h-32c-17.67 0-32 14.33-32 32v144H32c-17.67 0-32 14.33-32 32v32c0 17.67 14.33 32 32 32h144v144c0 17.67 14.33 32 32 32h32c17.67 0 32-14.33 32-32V304h144c17.67 0 32-14.33 32-32v-32c0-17.67-14.33-32-32-32z\"><\/path><\/svg><\/span>\n\t\t<\/span>\n\n\t\t\t\t\t\t<\/summary>\n\t\t\t\t<div role=\"region\" aria-labelledby=\"e-n-accordion-item-1565\" class=\"elementor-element elementor-element-3bf3299 e-con-full e-flex e-con e-child\" data-id=\"3bf3299\" data-element_type=\"container\" data-e-type=\"container\" data-settings=\"{&quot;background_background&quot;:&quot;classic&quot;}\">\n\t\t\t\t<div class=\"elementor-element elementor-element-c8b8855 elementor-widget elementor-widget-text-editor\" data-id=\"c8b8855\" data-element_type=\"widget\" data-e-type=\"widget\" data-widget_type=\"text-editor.default\">\n\t\t\t\t\t\t\t\t\t<p>Pots contractar els nostres serveis des del mateix dia en qu\u00e8 els necessitis. A ASISTED ens adaptem completament a cada situaci\u00f3, oferint assist\u00e8ncia des d\u20191 hora fins a 24 hores al dia, de manera puntual o continuada, els 365 dies de l\u2019any.<br \/>Abans d\u2019iniciar el servei, realitzem una valoraci\u00f3 gratu\u00efta per con\u00e8ixer les necessitats de la persona i del seu entorn. A partir d\u2019aqu\u00ed, elaborem una proposta personalitzada, flexible i revisable en qualsevol moment, per garantir que el servei s\u2019ajusta sempre a l\u2019evoluci\u00f3 i prefer\u00e8ncies de la persona usu\u00e0ria i la seva fam\u00edlia.<\/p>\t\t\t\t\t\t\t\t<\/div>\n\t\t\t\t<\/div>\n\t\t\t\t\t<\/details>\n\t\t\t\t\t\t<details id=\"e-n-accordion-item-1566\" class=\"e-n-accordion-item\" >\n\t\t\t\t<summary class=\"e-n-accordion-item-title\" data-accordion-index=\"7\" tabindex=\"-1\" aria-expanded=\"false\" aria-controls=\"e-n-accordion-item-1566\" >\n\t\t\t\t\t<span class='e-n-accordion-item-title-header'><div class=\"e-n-accordion-item-title-text\"> 7. ASISTED ofereix tamb\u00e9 suport a cuidadors de l\u2019entorn familiar? <\/div><\/span>\n\t\t\t\t\t\t\t<span class='e-n-accordion-item-title-icon'>\n\t\t\t<span class='e-opened' ><svg aria-hidden=\"true\" class=\"e-font-icon-svg e-fas-minus\" viewBox=\"0 0 448 512\" xmlns=\"http:\/\/www.w3.org\/2000\/svg\"><path d=\"M416 208H32c-17.67 0-32 14.33-32 32v32c0 17.67 14.33 32 32 32h384c17.67 0 32-14.33 32-32v-32c0-17.67-14.33-32-32-32z\"><\/path><\/svg><\/span>\n\t\t\t<span class='e-closed'><svg aria-hidden=\"true\" class=\"e-font-icon-svg e-fas-plus\" viewBox=\"0 0 448 512\" xmlns=\"http:\/\/www.w3.org\/2000\/svg\"><path d=\"M416 208H272V64c0-17.67-14.33-32-32-32h-32c-17.67 0-32 14.33-32 32v144H32c-17.67 0-32 14.33-32 32v32c0 17.67 14.33 32 32 32h144v144c0 17.67 14.33 32 32 32h32c17.67 0 32-14.33 32-32V304h144c17.67 0 32-14.33 32-32v-32c0-17.67-14.33-32-32-32z\"><\/path><\/svg><\/span>\n\t\t<\/span>\n\n\t\t\t\t\t\t<\/summary>\n\t\t\t\t<div role=\"region\" aria-labelledby=\"e-n-accordion-item-1566\" class=\"elementor-element elementor-element-fa47481 e-con-full e-flex e-con e-child\" data-id=\"fa47481\" data-element_type=\"container\" data-e-type=\"container\" data-settings=\"{&quot;background_background&quot;:&quot;classic&quot;}\">\n\t\t\t\t<div class=\"elementor-element elementor-element-bed3491 elementor-widget elementor-widget-text-editor\" data-id=\"bed3491\" data-element_type=\"widget\" data-e-type=\"widget\" data-widget_type=\"text-editor.default\">\n\t\t\t\t\t\t\t\t\t<p>S\u00ed. A ASISTED acompanyem tant la persona atesa com el seu entorn. Oferim programes individuals: d\u2019orientaci\u00f3, assessorament i suport i intervenci\u00f3 terap\u00e8utica emocional; i grupals: grups d\u2019ajuda m\u00fatua, formaci\u00f3 per a familiars cuidadors.<\/p>\t\t\t\t\t\t\t\t<\/div>\n\t\t\t\t<\/div>\n\t\t\t\t\t<\/details>\n\t\t\t\t\t\t<details id=\"e-n-accordion-item-1567\" class=\"e-n-accordion-item\" >\n\t\t\t\t<summary class=\"e-n-accordion-item-title\" data-accordion-index=\"8\" tabindex=\"-1\" aria-expanded=\"false\" aria-controls=\"e-n-accordion-item-1567\" >\n\t\t\t\t\t<span class='e-n-accordion-item-title-header'><div class=\"e-n-accordion-item-title-text\"> 8. Quin paper t\u00e9 la comunitat en el model d'ASISTED? <\/div><\/span>\n\t\t\t\t\t\t\t<span class='e-n-accordion-item-title-icon'>\n\t\t\t<span class='e-opened' ><svg aria-hidden=\"true\" class=\"e-font-icon-svg e-fas-minus\" viewBox=\"0 0 448 512\" xmlns=\"http:\/\/www.w3.org\/2000\/svg\"><path d=\"M416 208H32c-17.67 0-32 14.33-32 32v32c0 17.67 14.33 32 32 32h384c17.67 0 32-14.33 32-32v-32c0-17.67-14.33-32-32-32z\"><\/path><\/svg><\/span>\n\t\t\t<span class='e-closed'><svg aria-hidden=\"true\" class=\"e-font-icon-svg e-fas-plus\" viewBox=\"0 0 448 512\" xmlns=\"http:\/\/www.w3.org\/2000\/svg\"><path d=\"M416 208H272V64c0-17.67-14.33-32-32-32h-32c-17.67 0-32 14.33-32 32v144H32c-17.67 0-32 14.33-32 32v32c0 17.67 14.33 32 32 32h144v144c0 17.67 14.33 32 32 32h32c17.67 0 32-14.33 32-32V304h144c17.67 0 32-14.33 32-32v-32c0-17.67-14.33-32-32-32z\"><\/path><\/svg><\/span>\n\t\t<\/span>\n\n\t\t\t\t\t\t<\/summary>\n\t\t\t\t<div role=\"region\" aria-labelledby=\"e-n-accordion-item-1567\" class=\"elementor-element elementor-element-b2a411e e-con-full e-flex e-con e-child\" data-id=\"b2a411e\" data-element_type=\"container\" data-e-type=\"container\" data-settings=\"{&quot;background_background&quot;:&quot;classic&quot;}\">\n\t\t\t\t<div class=\"elementor-element elementor-element-cce24b8 elementor-widget elementor-widget-text-editor\" data-id=\"cce24b8\" data-element_type=\"widget\" data-e-type=\"widget\" data-widget_type=\"text-editor.default\">\n\t\t\t\t\t\t\t\t\t<p>Creiem que la cura no es limita a l\u2019\u00e0mbit individual. Per aix\u00f2 treballem des de la intervenci\u00f3 social i comunit\u00e0ria, connectant les persones ateses i les seves fam\u00edlies amb recursos i xarxes de suport locals que reforcen el seu benestar i la seva integraci\u00f3.<\/p>\t\t\t\t\t\t\t\t<\/div>\n\t\t\t\t<\/div>\n\t\t\t\t\t<\/details>\n\t\t\t\t\t\t<details id=\"e-n-accordion-item-1568\" class=\"e-n-accordion-item\" >\n\t\t\t\t<summary class=\"e-n-accordion-item-title\" data-accordion-index=\"9\" tabindex=\"-1\" aria-expanded=\"false\" aria-controls=\"e-n-accordion-item-1568\" >\n\t\t\t\t\t<span class='e-n-accordion-item-title-header'><div class=\"e-n-accordion-item-title-text\"> 9. Quin cost tenen els serveis assistencials d'ASISTED? Quan es realitza el pagament? <\/div><\/span>\n\t\t\t\t\t\t\t<span class='e-n-accordion-item-title-icon'>\n\t\t\t<span class='e-opened' ><svg aria-hidden=\"true\" class=\"e-font-icon-svg e-fas-minus\" viewBox=\"0 0 448 512\" xmlns=\"http:\/\/www.w3.org\/2000\/svg\"><path d=\"M416 208H32c-17.67 0-32 14.33-32 32v32c0 17.67 14.33 32 32 32h384c17.67 0 32-14.33 32-32v-32c0-17.67-14.33-32-32-32z\"><\/path><\/svg><\/span>\n\t\t\t<span class='e-closed'><svg aria-hidden=\"true\" class=\"e-font-icon-svg e-fas-plus\" viewBox=\"0 0 448 512\" xmlns=\"http:\/\/www.w3.org\/2000\/svg\"><path d=\"M416 208H272V64c0-17.67-14.33-32-32-32h-32c-17.67 0-32 14.33-32 32v144H32c-17.67 0-32 14.33-32 32v32c0 17.67 14.33 32 32 32h144v144c0 17.67 14.33 32 32 32h32c17.67 0 32-14.33 32-32V304h144c17.67 0 32-14.33 32-32v-32c0-17.67-14.33-32-32-32z\"><\/path><\/svg><\/span>\n\t\t<\/span>\n\n\t\t\t\t\t\t<\/summary>\n\t\t\t\t<div role=\"region\" aria-labelledby=\"e-n-accordion-item-1568\" class=\"elementor-element elementor-element-203094b e-con-full e-flex e-con e-child\" data-id=\"203094b\" data-element_type=\"container\" data-e-type=\"container\" data-settings=\"{&quot;background_background&quot;:&quot;classic&quot;}\">\n\t\t\t\t<div class=\"elementor-element elementor-element-cb67c84 elementor-widget elementor-widget-text-editor\" data-id=\"cb67c84\" data-element_type=\"widget\" data-e-type=\"widget\" data-widget_type=\"text-editor.default\">\n\t\t\t\t\t\t\t\t\t<p>El preu varia segons el tipus de servei, la seva durada i el nivell de cures necess\u00e0ries. Abans de comen\u00e7ar, realitzem una valoraci\u00f3 social i d\u2019accessibilitat gratu\u00efta a l\u2019entorn on es prestar\u00e0 el servei. A partir d\u2019aquesta, elaborem una proposta personalitzada i sense comprom\u00eds. El pagament s\u2019efectua a final de mes, un cop realitzades les hores de servei. A ASISTED mai cobrem per avan\u00e7at.<\/p>\t\t\t\t\t\t\t\t<\/div>\n\t\t\t\t<\/div>\n\t\t\t\t\t<\/details>\n\t\t\t\t\t\t<details id=\"e-n-accordion-item-1569\" class=\"e-n-accordion-item\" >\n\t\t\t\t<summary class=\"e-n-accordion-item-title\" data-accordion-index=\"10\" tabindex=\"-1\" aria-expanded=\"false\" aria-controls=\"e-n-accordion-item-1569\" >\n\t\t\t\t\t<span class='e-n-accordion-item-title-header'><div class=\"e-n-accordion-item-title-text\"> 10. Com assegura ASISTED la qualitat i el seguiment dels serveis? <\/div><\/span>\n\t\t\t\t\t\t\t<span class='e-n-accordion-item-title-icon'>\n\t\t\t<span class='e-opened' ><svg aria-hidden=\"true\" class=\"e-font-icon-svg e-fas-minus\" viewBox=\"0 0 448 512\" xmlns=\"http:\/\/www.w3.org\/2000\/svg\"><path d=\"M416 208H32c-17.67 0-32 14.33-32 32v32c0 17.67 14.33 32 32 32h384c17.67 0 32-14.33 32-32v-32c0-17.67-14.33-32-32-32z\"><\/path><\/svg><\/span>\n\t\t\t<span class='e-closed'><svg aria-hidden=\"true\" class=\"e-font-icon-svg e-fas-plus\" viewBox=\"0 0 448 512\" xmlns=\"http:\/\/www.w3.org\/2000\/svg\"><path d=\"M416 208H272V64c0-17.67-14.33-32-32-32h-32c-17.67 0-32 14.33-32 32v144H32c-17.67 0-32 14.33-32 32v32c0 17.67 14.33 32 32 32h144v144c0 17.67 14.33 32 32 32h32c17.67 0 32-14.33 32-32V304h144c17.67 0 32-14.33 32-32v-32c0-17.67-14.33-32-32-32z\"><\/path><\/svg><\/span>\n\t\t<\/span>\n\n\t\t\t\t\t\t<\/summary>\n\t\t\t\t<div role=\"region\" aria-labelledby=\"e-n-accordion-item-1569\" class=\"elementor-element elementor-element-eaa45a0 e-con-full e-flex e-con e-child\" data-id=\"eaa45a0\" data-element_type=\"container\" data-e-type=\"container\" data-settings=\"{&quot;background_background&quot;:&quot;classic&quot;}\">\n\t\t\t\t<div class=\"elementor-element elementor-element-0bec7e5 elementor-widget elementor-widget-text-editor\" data-id=\"0bec7e5\" data-element_type=\"widget\" data-e-type=\"widget\" data-widget_type=\"text-editor.default\">\n\t\t\t\t\t\t\t\t\t<p>Cada servei compta amb un seguiment presencial i continuat per part del nostre equip t\u00e8cnic. Escoltem activament les persones i les fam\u00edlies, i revisem peri\u00f2dicament els plans d&#8217;atenci\u00f3 per assegurar que l&#8217;ajuda s&#8217;adapta a cada moment de la vida per part del nostre equip t\u00e8cnic i social.<\/p>\t\t\t\t\t\t\t\t<\/div>\n\t\t\t\t<\/div>\n\t\t\t\t\t<\/details>\n\t\t\t\t\t\t<details id=\"e-n-accordion-item-15610\" class=\"e-n-accordion-item\" >\n\t\t\t\t<summary class=\"e-n-accordion-item-title\" data-accordion-index=\"11\" tabindex=\"-1\" aria-expanded=\"false\" aria-controls=\"e-n-accordion-item-15610\" >\n\t\t\t\t\t<span class='e-n-accordion-item-title-header'><div class=\"e-n-accordion-item-title-text\"> 11. Qu\u00e8 succeeix si la persona atesa ingressa a l\u2019hospital o mor? <\/div><\/span>\n\t\t\t\t\t\t\t<span class='e-n-accordion-item-title-icon'>\n\t\t\t<span class='e-opened' ><svg aria-hidden=\"true\" class=\"e-font-icon-svg e-fas-minus\" viewBox=\"0 0 448 512\" xmlns=\"http:\/\/www.w3.org\/2000\/svg\"><path d=\"M416 208H32c-17.67 0-32 14.33-32 32v32c0 17.67 14.33 32 32 32h384c17.67 0 32-14.33 32-32v-32c0-17.67-14.33-32-32-32z\"><\/path><\/svg><\/span>\n\t\t\t<span class='e-closed'><svg aria-hidden=\"true\" class=\"e-font-icon-svg e-fas-plus\" viewBox=\"0 0 448 512\" xmlns=\"http:\/\/www.w3.org\/2000\/svg\"><path d=\"M416 208H272V64c0-17.67-14.33-32-32-32h-32c-17.67 0-32 14.33-32 32v144H32c-17.67 0-32 14.33-32 32v32c0 17.67 14.33 32 32 32h144v144c0 17.67 14.33 32 32 32h32c17.67 0 32-14.33 32-32V304h144c17.67 0 32-14.33 32-32v-32c0-17.67-14.33-32-32-32z\"><\/path><\/svg><\/span>\n\t\t<\/span>\n\n\t\t\t\t\t\t<\/summary>\n\t\t\t\t<div role=\"region\" aria-labelledby=\"e-n-accordion-item-15610\" class=\"elementor-element elementor-element-84fd28c e-con-full e-flex e-con e-child\" data-id=\"84fd28c\" data-element_type=\"container\" data-e-type=\"container\" data-settings=\"{&quot;background_background&quot;:&quot;classic&quot;}\">\n\t\t\t\t<div class=\"elementor-element elementor-element-3460797 elementor-widget elementor-widget-text-editor\" data-id=\"3460797\" data-element_type=\"widget\" data-e-type=\"widget\" data-widget_type=\"text-editor.default\">\n\t\t\t\t\t\t\t\t\t<p>En cas d\u2019ingr\u00e9s hospitalari, el servei se susp\u00e8n temporalment i es pot reprendre quan la persona torni al domicili o el torni a necessitar. Si es requereix acompanyament durant l\u2019hospitalitzaci\u00f3, podem adaptar l\u2019assist\u00e8ncia i traslladar el servei al centre hospitalari.<br \/>En cas de defunci\u00f3, el servei finalitza autom\u00e0ticament l\u2019\u00faltim dia efectivament realitzat.<br \/>En tots dos casos, no cal fer cap av\u00eds previ ni s\u2019apliquen c\u00e0rrecs addicionals.<\/p>\t\t\t\t\t\t\t\t<\/div>\n\t\t\t\t<\/div>\n\t\t\t\t\t<\/details>\n\t\t\t\t\t<\/div>\n\t\t\t\t\t<script type=\"application\/ld+json\">{\"@context\":\"https:\\\/\\\/schema.org\",\"@type\":\"FAQPage\",\"mainEntity\":[{\"@type\":\"Question\",\"name\":\"1. Quins serveis assistencials ofereix ASISTED?\",\"acceptedAnswer\":{\"@type\":\"Answer\",\"text\":\"Des de 1980 prestem serveis d\\u2019acompanyament i assist\\u00e8ncia integral a persones en situaci\\u00f3 de vulnerabilitat, depend\\u00e8ncia i\\\/o discapacitat. Els nostres serveis abasten des d\\u2019ajuda personal di\\u00e0ria, acompanyaments fora de casa, suport emocional continu, cura de la llar, connexi\\u00f3 amb la comunitat, sempre respectant el projecte de vida de la persona atesa i les seves prefer\\u00e8ncies personals..\\u00a0\"}},{\"@type\":\"Question\",\"name\":\"2. Qu\\u00e8 diferencia ASISTED d\\u2019altres models de cures?\",\"acceptedAnswer\":{\"@type\":\"Answer\",\"text\":\"La nostra tasca es basa en el model d\\u2019atenci\\u00f3 integral centrada en la persona (AICP). Aix\\u00f2 significa que no nom\\u00e9s cuidem, sin\\u00f3 que acompanyem respectant les decisions de cada persona i fomentant la seva relaci\\u00f3 amb la fam\\u00edlia i la comunitat. El nostre objectiu \\u00e9s que cada persona pugui viure el m\\u00e0xim temps possible de manera aut\\u00f2noma i digna, essent protagonista del seu propi projecte de vida. A ASISTED posem el focus en la persona, oferint un acompanyament que combina la cura assistencial amb la intervenci\\u00f3 social i comunit\\u00e0ria.\"}},{\"@type\":\"Question\",\"name\":\"3. Qui forma part de l\\u2019equip d\\u2019ASISTED?\",\"acceptedAnswer\":{\"@type\":\"Answer\",\"text\":\"Comptem amb un equip professional propi, contractat en plantilla, amb experi\\u00e8ncia i titulaci\\u00f3 homologada. Despr\\u00e9s d\\u2019una valoraci\\u00f3 inicial de les necessitats del servei, seleccionem la persona cuidadora que millor s\\u2019ajusta (segons experi\\u00e8ncia i compet\\u00e8ncies professionals) a cada cas, assegurant la continu\\u00eftat, estabilitat i la tranquil\\u00b7litat de la fam\\u00edlia.\"}},{\"@type\":\"Question\",\"name\":\"4. Puc sol\\u00b7licitar els serveis d\\u2019ASISTED a trav\\u00e9s de la Llei de Depend\\u00e8ncia?\",\"acceptedAnswer\":{\"@type\":\"Answer\",\"text\":\"S\\u00ed, ASISTED forma part de la cartera de Serveis Socials p\\u00fablics i \\u00e9s una entitat acreditada per a la gesti\\u00f3 del SAD PEV (Prestaci\\u00f3 econ\\u00f2mica vinculada) i de l\\u2019Ajuda econ\\u00f2mica per a la persona cuidadora de l\\u2019entorn familiar.Podem orientar-te durant tot el proc\\u00e9s: des de la gesti\\u00f3 i tramitaci\\u00f3 de la sol\\u00b7licitud del reconeixement del Grau de Depend\\u00e8ncia, del Reconeixement de Discapacitat, aix\\u00ed com d\\u2019altres recursos p\\u00fablics, amb total tranquil\\u00b7litat..\"}},{\"@type\":\"Question\",\"name\":\"5. El servei es presta nom\\u00e9s al domicili?\",\"acceptedAnswer\":{\"@type\":\"Answer\",\"text\":\"No. Els nostres serveis s\\u00f3n flexibles i adaptables a diferents entorns: a casa, a hospitals o a centres sociosanitaris, segons el que cada persona i la seva fam\\u00edlia necessitin en cada moment.\"}},{\"@type\":\"Question\",\"name\":\"6. Com \\u00e9s el proc\\u00e9s de contractaci\\u00f3 dels serveis?\",\"acceptedAnswer\":{\"@type\":\"Answer\",\"text\":\"Pots contractar els nostres serveis des del mateix dia en qu\\u00e8 els necessitis. A ASISTED ens adaptem completament a cada situaci\\u00f3, oferint assist\\u00e8ncia des d\\u20191 hora fins a 24 hores al dia, de manera puntual o continuada, els 365 dies de l\\u2019any.Abans d\\u2019iniciar el servei, realitzem una valoraci\\u00f3 gratu\\u00efta per con\\u00e8ixer les necessitats de la persona i del seu entorn. A partir d\\u2019aqu\\u00ed, elaborem una proposta personalitzada, flexible i revisable en qualsevol moment, per garantir que el servei s\\u2019ajusta sempre a l\\u2019evoluci\\u00f3 i prefer\\u00e8ncies de la persona usu\\u00e0ria i la seva fam\\u00edlia.\"}},{\"@type\":\"Question\",\"name\":\"7. ASISTED ofereix tamb\\u00e9 suport a cuidadors de l\\u2019entorn familiar?\",\"acceptedAnswer\":{\"@type\":\"Answer\",\"text\":\"S\\u00ed. A ASISTED acompanyem tant la persona atesa com el seu entorn. Oferim programes individuals: d\\u2019orientaci\\u00f3, assessorament i suport i intervenci\\u00f3 terap\\u00e8utica emocional; i grupals: grups d\\u2019ajuda m\\u00fatua, formaci\\u00f3 per a familiars cuidadors.\"}},{\"@type\":\"Question\",\"name\":\"8. Quin paper t\\u00e9 la comunitat en el model d'ASISTED?\",\"acceptedAnswer\":{\"@type\":\"Answer\",\"text\":\"Creiem que la cura no es limita a l\\u2019\\u00e0mbit individual. Per aix\\u00f2 treballem des de la intervenci\\u00f3 social i comunit\\u00e0ria, connectant les persones ateses i les seves fam\\u00edlies amb recursos i xarxes de suport locals que reforcen el seu benestar i la seva integraci\\u00f3.\"}},{\"@type\":\"Question\",\"name\":\"9. Quin cost tenen els serveis assistencials d'ASISTED? Quan es realitza el pagament?\",\"acceptedAnswer\":{\"@type\":\"Answer\",\"text\":\"El preu varia segons el tipus de servei, la seva durada i el nivell de cures necess\\u00e0ries. Abans de comen\\u00e7ar, realitzem una valoraci\\u00f3 social i d\\u2019accessibilitat gratu\\u00efta a l\\u2019entorn on es prestar\\u00e0 el servei. A partir d\\u2019aquesta, elaborem una proposta personalitzada i sense comprom\\u00eds. El pagament s\\u2019efectua a final de mes, un cop realitzades les hores de servei. A ASISTED mai cobrem per avan\\u00e7at.\"}},{\"@type\":\"Question\",\"name\":\"10. Com assegura ASISTED la qualitat i el seguiment dels serveis?\",\"acceptedAnswer\":{\"@type\":\"Answer\",\"text\":\"Cada servei compta amb un seguiment presencial i continuat per part del nostre equip t\\u00e8cnic. Escoltem activament les persones i les fam\\u00edlies, i revisem peri\\u00f2dicament els plans d&#8217;atenci\\u00f3 per assegurar que l&#8217;ajuda s&#8217;adapta a cada moment de la vida per part del nostre equip t\\u00e8cnic i social.\"}},{\"@type\":\"Question\",\"name\":\"11. Qu\\u00e8 succeeix si la persona atesa ingressa a l\\u2019hospital o mor?\",\"acceptedAnswer\":{\"@type\":\"Answer\",\"text\":\"En cas d\\u2019ingr\\u00e9s hospitalari, el servei se susp\\u00e8n temporalment i es pot reprendre quan la persona torni al domicili o el torni a necessitar. Si es requereix acompanyament durant l\\u2019hospitalitzaci\\u00f3, podem adaptar l\\u2019assist\\u00e8ncia i traslladar el servei al centre hospitalari.En cas de defunci\\u00f3, el servei finalitza autom\\u00e0ticament l\\u2019\\u00faltim dia efectivament realitzat.En tots dos casos, no cal fer cap av\\u00eds previ ni s\\u2019apliquen c\\u00e0rrecs addicionals.\"}}]}<\/script>\n\t\t\t\t\t\t\t<\/div>\n\t\t\t\t<\/div>\n\t\t\t\t\t<\/div>\n\t\t\t\t<\/div>\n\t\t\t\t<\/div>\n\t\t","protected":false},"excerpt":{"rendered":"<p>Preguntes freq\u00fcents 1. Quins serveis assistencials ofereix ASISTED? Des de 1980 prestem serveis d\u2019acompanyament i assist\u00e8ncia integral a persones en situaci\u00f3 de vulnerabilitat, depend\u00e8ncia i\/o discapacitat. Els nostres serveis abasten des d\u2019ajuda personal di\u00e0ria, acompanyaments fora de casa, suport emocional continu, cura de la llar, connexi\u00f3 amb la comunitat, sempre respectant el projecte de vida [&hellip;]<\/p>\n","protected":false},"author":4,"featured_media":0,"parent":0,"menu_order":0,"comment_status":"closed","ping_status":"closed","template":"","meta":{"_acf_changed":false,"footnotes":""},"class_list":["post-38651","page","type-page","status-publish","hentry"],"acf":[],"_links":{"self":[{"href":"https:\/\/asisted.org\/ca\/wp-json\/wp\/v2\/pages\/38651","targetHints":{"allow":["GET"]}}],"collection":[{"href":"https:\/\/asisted.org\/ca\/wp-json\/wp\/v2\/pages"}],"about":[{"href":"https:\/\/asisted.org\/ca\/wp-json\/wp\/v2\/types\/page"}],"author":[{"embeddable":true,"href":"https:\/\/asisted.org\/ca\/wp-json\/wp\/v2\/users\/4"}],"replies":[{"embeddable":true,"href":"https:\/\/asisted.org\/ca\/wp-json\/wp\/v2\/comments?post=38651"}],"version-history":[{"count":8,"href":"https:\/\/asisted.org\/ca\/wp-json\/wp\/v2\/pages\/38651\/revisions"}],"predecessor-version":[{"id":39758,"href":"https:\/\/asisted.org\/ca\/wp-json\/wp\/v2\/pages\/38651\/revisions\/39758"}],"wp:attachment":[{"href":"https:\/\/asisted.org\/ca\/wp-json\/wp\/v2\/media?parent=38651"}],"curies":[{"name":"wp","href":"https:\/\/api.w.org\/{rel}","templated":true}]}}